{"id":157,"date":"2023-04-05T23:23:37","date_gmt":"2023-04-05T23:23:37","guid":{"rendered":"https:\/\/projetos.ese.ips.pt\/ebn2022\/?page_id=157"},"modified":"2026-01-16T01:31:48","modified_gmt":"2026-01-16T01:31:48","slug":"2nd-ed-exerc-biomech-nutriti","status":"publish","type":"page","link":"https:\/\/projetos.ese.ips.pt\/ebn2025\/","title":{"rendered":"4th Exercise Biomechanics Nutrition"},"content":{"rendered":"\n<div class=\"wp-block-columns is-layout-flex wp-container-core-columns-layout-1 wp-block-columns-is-layout-flex\">\n<div class=\"wp-block-column is-layout-flow wp-block-column-is-layout-flow\" style=\"flex-basis:100%\">\n<div class=\"wp-block-group alignwide is-layout-constrained wp-block-group-is-layout-constrained\">\n<div class=\"wp-block-cover alignwide is-light wp-duotone-unset-1\" style=\"min-height:488px\"><span aria-hidden=\"true\" class=\"wp-block-cover__background has-background-dim-30 has-background-dim\"><\/span><img loading=\"lazy\" decoding=\"async\" width=\"1142\" height=\"1450\" class=\"wp-block-cover__image-background wp-image-287\" alt=\"\" src=\"https:\/\/projetos.ese.ips.pt\/ebn2025\/wp-content\/uploads\/2025\/04\/Captura-de-ecra-2025-04-16-as-17.42.38.png\" style=\"object-position:61% 40%\" data-object-fit=\"cover\" data-object-position=\"61% 40%\" srcset=\"https:\/\/projetos.ese.ips.pt\/ebn2025\/wp-content\/uploads\/2025\/04\/Captura-de-ecra-2025-04-16-as-17.42.38.png 1142w, https:\/\/projetos.ese.ips.pt\/ebn2025\/wp-content\/uploads\/2025\/04\/Captura-de-ecra-2025-04-16-as-17.42.38-236x300.png 236w, https:\/\/projetos.ese.ips.pt\/ebn2025\/wp-content\/uploads\/2025\/04\/Captura-de-ecra-2025-04-16-as-17.42.38-806x1024.png 806w, https:\/\/projetos.ese.ips.pt\/ebn2025\/wp-content\/uploads\/2025\/04\/Captura-de-ecra-2025-04-16-as-17.42.38-768x975.png 768w\" sizes=\"(max-width: 1142px) 100vw, 1142px\" \/><div class=\"wp-block-cover__inner-container is-layout-flow wp-block-cover-is-layout-flow\">\n<h5 class=\"wp-block-heading has-small-font-size\" id=\"back\" style=\"text-transform:capitalize\">4th Edition<\/h5>\n\n\n\n<h2 class=\"wp-block-heading has-background-color has-text-color has-link-color has-x-large-font-size wp-elements-fd9195e343ed31afabe3bdda4c76f114\"><strong>Exercise, Biomechanics and Nutrition<\/strong><\/h2>\n\n\n\n<p class=\"has-background-color has-text-color has-link-color wp-elements-c719b459a5f1eec615226beca7b756f2\">29 and 30 of May, School of Education of Polytechnic Institute of Setubal Auditorium (Creditation for IPDJ TF and TEF: 3.2 UC) <\/p>\n\n\n\n<p class=\"has-background-color has-text-color has-link-color wp-elements-bb7cf48aa4e162c3eeb02d4048a81757\">Abstract Submission Deadline: 25 of May, 2025, 23:59 CET<\/p>\n<\/div><\/div>\n<\/div>\n<\/div>\n<\/div>\n\n\n\n<div class=\"wp-block-buttons is-content-justification-center is-layout-flex wp-container-core-buttons-layout-1 wp-block-buttons-is-layout-flex\">\n<div class=\"wp-block-button is-style-outline\"><a class=\"wp-block-button__link has-pale-cyan-blue-background-color has-background wp-element-button\" href=\"#goals\">Goals and Highlights<\/a><\/div>\n\n\n\n<div class=\"wp-block-button is-style-outline\"><a class=\"wp-block-button__link has-pale-cyan-blue-background-color has-background wp-element-button\" href=\"#committies\">Committies<\/a><\/div>\n\n\n\n<div class=\"wp-block-button is-style-outline\"><a class=\"wp-block-button__link has-foreground-color has-pale-cyan-blue-background-color has-text-color has-background wp-element-button\" href=\"#registration\">Registration<\/a><\/div>\n\n\n\n<div class=\"wp-block-button is-style-outline\"><a class=\"wp-block-button__link has-pale-cyan-blue-background-color has-background wp-element-button\" href=\"#abstractsubmission\">Abstract Submission<\/a><\/div>\n\n\n\n<div class=\"wp-block-button is-style-outline\"><a class=\"wp-block-button__link has-pale-cyan-blue-background-color has-background wp-element-button\" href=\"#program\">Program<\/a><\/div>\n\n\n\n<div class=\"wp-block-button is-style-outline\"><a class=\"wp-block-button__link has-pale-cyan-blue-background-color has-background wp-element-button\" href=\"#speakers\">Oral Presentations<\/a><\/div>\n\n\n\n<div class=\"wp-block-button is-style-outline\"><a class=\"wp-block-button__link has-pale-cyan-blue-background-color has-background wp-element-button\" href=\"#book\">Book of Abstracts<\/a><\/div>\n\n\n<\/div>\n\n\n\n<p class=\"has-text-align-center has-background-color has-pale-cyan-blue-background-color has-text-color has-background has-x-large-font-size\" id=\"goals\"><strong>Goals and Highlights<\/strong><\/p>\n\n\n\n<p>The International Congress in Exercise, Biomechanics and Nutrition is a periodic event organized by the Polytechnic Institute of Set\u00fabal. The origen of this scientific event is to disseminate knowledge about the latest developments in the field of physical exercise and their implications for health, quality of life and sports performance. However, this divulgation character is followed of an impulse of the research in the Sports Sciences fields with different oral communication sessions. In the first 3 editions, it was presented more than 200 oral communications and it has participated speakers of international recognized prestigious. For this fourth edition, speakers from five different institutions will be presented, with technical-scientific competences recognized worldwide and that will certainly contribute to the increase of the technical competences of the participants.<\/p>\n\n\n\n<p>Dynamic, current and high quality lectures;                                                                                <br>Presentation of academic and scientific works;                                                                                                 In-Pearson and online via Zoom;<\/p>\n\n\n\n<p class=\"has-text-align-center has-background-color has-pale-cyan-blue-background-color has-text-color has-background has-x-large-font-size\" id=\"committies\"><strong>Committee<\/strong><\/p>\n\n\n\n<div class=\"wp-block-columns alignfull are-vertically-aligned-top is-layout-flex wp-container-core-columns-layout-2 wp-block-columns-is-layout-flex\">\n<div class=\"wp-block-column is-vertically-aligned-top is-layout-flow wp-block-column-is-layout-flow\">\n<p class=\"has-text-align-center\"><strong>Organizing Committee<\/strong><\/p>\n\n\n\n<p class=\"has-background-color has-pale-cyan-blue-background-color has-text-color has-background\" style=\"font-size:18px\">Chair: Luis Leit\u00e3o &#8211; ESE-IPSet\u00fabal<\/p>\n\n\n\n<div class=\"wp-block-group is-vertical is-content-justification-right is-layout-flex wp-container-core-group-layout-4 wp-block-group-is-layout-flex\">\n<div class=\"wp-block-group is-layout-constrained wp-block-group-is-layout-constrained\">\n<div class=\"wp-block-group is-layout-constrained wp-block-group-is-layout-constrained\">\n<p class=\"has-background-color has-pale-cyan-blue-background-color has-text-color has-background\" style=\"font-size:18px\">Teresa Figueiredo, Amilcar Antunes, Ana Pereira, Ana Figueira, Fernando Santos, Paulo Nunes &#8211; ESE-IP Set\u00fabal<\/p>\n\n\n\n<p class=\"has-text-align-center has-background-color has-pale-cyan-blue-background-color has-text-color has-background has-link-color wp-elements-79f98bc59480c796332442f2e966833a\">Raul Dominguez \u2013 Universidad de Sevilla, Spain<\/p>\n<\/div>\n<\/div>\n<\/div>\n<\/div>\n\n\n\n<div class=\"wp-block-column is-vertically-aligned-top is-layout-flow wp-block-column-is-layout-flow\">\n<p class=\"has-text-align-center\"><strong>Scientific Committee<\/strong><\/p>\n\n\n\n<p class=\"has-text-align-center has-background-color has-pale-cyan-blue-background-color has-text-color has-background\" style=\"font-size:18px\">Chair: Luis Leit\u00e3o &#8211; ESE-IP Set\u00fabal<\/p>\n\n\n\n<p class=\"has-text-align-center has-background-color has-pale-cyan-blue-background-color has-text-color has-background\" style=\"font-size:18px\">Teresa Figueiredo \u2013 IP Set\u00fabal, Portugal<\/p>\n\n\n\n<p class=\"has-text-align-center has-background-color has-pale-cyan-blue-background-color has-text-color has-background has-link-color wp-elements-a598921581af4970814e877eab5fc1d1\">Hugo Louro and Nuno Pimenta &#8211; ESDRM-IP Sant\u00e1rem, Portugal<\/p>\n\n\n\n<p class=\"has-text-align-center has-background-color has-pale-cyan-blue-background-color has-text-color has-background\">Simon Walker &#8211; University of Jyvaskyla, Finland <\/p>\n\n\n\n<p class=\"has-text-align-center has-background-color has-pale-cyan-blue-background-color has-text-color has-background has-link-color wp-elements-cfcab9b64a275d60bbab17a3f76cbe7b\">Rocco di Michelle &#8211; University of Bologne, Italy<\/p>\n\n\n\n<p class=\"has-text-align-center has-background-color has-pale-cyan-blue-background-color has-text-color has-background\">Maria Francesca Piacentini &#8211; University of Rome &#8220;Foro Italico&#8221;, Italy<\/p>\n\n\n\n<p class=\"has-text-align-center has-background-color has-pale-cyan-blue-background-color has-text-color has-background has-link-color wp-elements-735c5cbb13e95a7f70b95a5d12b3f209\">John McMahon &#8211; Hawkin Dynamics, England <\/p>\n\n\n\n<p class=\"has-text-align-center has-background-color has-pale-cyan-blue-background-color has-text-color has-background\" style=\"font-size:18px\">Raul Dominguez \u2013 Universidad de Sevilla, Spain<\/p>\n\n\n\n<p class=\"has-text-align-center has-background-color has-pale-cyan-blue-background-color has-text-color has-background\" style=\"font-size:18px\">Fernando Pareja Blanco \u2013 Universidad de Pablo de Olavide, Spain          <\/p>\n\n\n\n<p class=\"has-text-align-center has-background-color has-pale-cyan-blue-background-color has-text-color has-background\" style=\"font-size:18px\">Alberto P\u00e9rez-L\u00f3pez &#8211; Universidad de Alcal\u00e1, Spain                           <\/p>\n\n\n\n<p class=\"has-text-align-center has-background-color has-pale-cyan-blue-background-color has-text-color has-background\" style=\"font-size:18px\">Moacir Marocolo and Jeferson Vianna \u2013 Universidade Federal de Juiz de Fora, Brazil<\/p>\n\n\n\n<p class=\"has-text-align-center has-background-color has-pale-cyan-blue-background-color has-text-color has-background has-link-color wp-elements-02a1318d422548c16797a10c672fd78e\">Estev\u00e3o Monteiro &#8211; University Center Augusto Motta, Brazil<\/p>\n\n\n\n<p class=\"has-text-align-center has-background-color has-pale-cyan-blue-background-color has-text-color has-background\" style=\"font-size:18px\">Jefferson Novaes &#8211; Universidade Federal de Juiz de Fora, Brazil<\/p>\n\n\n\n<p class=\"has-text-align-center has-background-color has-pale-cyan-blue-background-color has-text-color has-background\" style=\"font-size:18px\">Maria do Socorro Cirilo-Sousa &#8211; URCA, Brazil<\/p>\n\n\n\n<p class=\"has-text-align-center has-background-color has-pale-cyan-blue-background-color has-text-color has-background\">Osvaldo Moreira &#8211; Universidade Federal de Vi\u00e7osa, Brazil<\/p>\n\n\n\n<p class=\"has-text-align-center has-background-color has-pale-cyan-blue-background-color has-text-color has-background has-link-color wp-elements-9a1f051d17b98d878bea125b32d89404\">Sandro Fernandes da Silva &#8211; Universidade de Lavras, Brazil<\/p>\n\n\n\n<p class=\"has-background-color has-pale-cyan-blue-background-color has-text-color has-background has-link-color wp-elements-139e00a53c0ddfaf95b6a9cca45a6915\">Mauro Mazini &#8211; Instituto Federal Sudeste MG, Brazil<\/p>\n\n\n\n<p class=\"has-text-align-center has-background-color has-pale-cyan-blue-background-color has-text-color has-background has-link-color has-medium-font-size wp-elements-056ceb4e4f3d34c3c6e185e54d5856a9\">Henrique Neiva e Daniel Marinho &#8211; Universidade da Beira Interior, Portugal<\/p>\n\n\n\n<p class=\"has-text-align-center has-background-color has-pale-cyan-blue-background-color has-text-color has-background has-link-color wp-elements-22cd287adf74b93a7989f3dbc5facae5\">Ant\u00f3nio Jos\u00e9 Silva &#8211; Universidade de Tr\u00e1s-os-Montes e Alto Douro, Portugal<\/p>\n\n\n\n<div class=\"wp-block-group is-layout-constrained wp-block-group-is-layout-constrained\">\n<div class=\"wp-block-group is-vertical is-content-justification-stretch is-layout-flex wp-container-core-group-layout-6 wp-block-group-is-layout-flex\">\n<div class=\"wp-block-group is-layout-constrained wp-block-group-is-layout-constrained\"><\/div>\n<\/div>\n<\/div>\n<\/div>\n<\/div>\n\n\n\n<div class=\"wp-block-buttons is-layout-flex wp-block-buttons-is-layout-flex\">\n<div class=\"wp-block-button\"><a class=\"wp-block-button__link has-background-color has-pale-cyan-blue-background-color has-text-color has-background wp-element-button\" href=\"#back\">Back<\/a><\/div>\n<\/div>\n\n\n\n<p><\/p>\n\n\n\n<p class=\"has-background-color has-pale-cyan-blue-background-color has-text-color has-background has-x-large-font-size\" id=\"abstractsubmission\"><strong>Abstract Submission<\/strong> <\/p>\n\n\n\n<p>Abstracts submission and 3-minute video with presentation of the work till 25 of May at 23:59<\/p>\n\n\n\n<div class=\"wp-block-buttons is-layout-flex wp-block-buttons-is-layout-flex\">\n<div class=\"wp-block-button is-style-outline\"><a class=\"wp-block-button__link has-background-color has-pale-cyan-blue-background-color has-text-color has-background has-link-color wp-element-button\" href=\"https:\/\/forms.office.com\/e\/cJsk2bA8E7\" target=\"_blank\" rel=\"noreferrer noopener\">Click here for Abstract Submission<\/a><\/div>\n<\/div>\n\n\n\n<p class=\"has-background-color has-pale-cyan-blue-background-color has-text-color has-background has-link-color wp-elements-85732d58925fae9252cf54541e40155d\">Submit 3-minute video with presentation of the work via email: congressodesportoese@ese.ips.pt<\/p>\n\n\n\n<p><strong>Mandatory:<\/strong> Abstract must be submitted in English and in Portuguese or Spanish throught link above and the 3-minute video with presentation of the work (in Portuguese, Spanish or English) must be sended by email.  <\/p>\n\n\n\n<p>All authors will receive an email with the acceptance of their work along with the schedule of presentations. The presenter of the work must be online (zoom link) or in-person at the auditorium of ESE-IPSet\u00fabal to answer to any question of their work. <\/p>\n\n\n\n<p>All accepted abstracts will be published in the book of abstracts of the Event.<\/p>\n\n\n\n<div class=\"wp-block-buttons is-layout-flex wp-block-buttons-is-layout-flex\">\n<div class=\"wp-block-button\"><a class=\"wp-block-button__link has-background-color has-pale-cyan-blue-background-color has-text-color has-background wp-element-button\" href=\"#back\">Back<\/a><\/div>\n<\/div>\n\n\n\n<p class=\"has-background-color has-pale-cyan-blue-background-color has-text-color has-background has-x-large-font-size\" id=\"registration\">Registration<\/p>\n\n\n\n<p>Free of Charge but registration is mandatory.<\/p>\n\n\n\n<div class=\"wp-block-buttons is-layout-flex wp-block-buttons-is-layout-flex\">\n<div class=\"wp-block-button has-custom-width wp-block-button__width-50 has-custom-font-size has-medium-font-size\"><a class=\"wp-block-button__link has-pale-cyan-blue-background-color has-background wp-element-button\" href=\"https:\/\/forms.office.com\/e\/h8hMrkY4is\">Click Here for registration<\/a><\/div>\n<\/div>\n\n\n\n<p class=\"has-normal-font-size\">The event will be held in-person at the ESE-IP Set\u00fabal auditorium and online via zoom: <a href=\"https:\/\/videoconf-colibri.zoom.us\/j\/97888573585\" target=\"_blank\" rel=\"noreferrer noopener\">https:\/\/videoconf-colibri.zoom.us\/j\/97888573585<\/a><\/p>\n\n\n\n<p><strong>Contacts:<\/strong> congressodesportoese@ese.ips.pt<\/p>\n\n\n\n<p class=\"has-medium-font-size\"><strong>Address: <\/strong>Escola Superior de Educa\u00e7\u00e3o, Campus do Instituto Polit\u00e9cnico de Set\u00fabal, Estefanilha 2914-504 Set\u00fabal<\/p>\n\n\n\n<div class=\"wp-block-buttons is-layout-flex wp-block-buttons-is-layout-flex\">\n<div class=\"wp-block-button\"><a class=\"wp-block-button__link has-pale-cyan-blue-background-color has-background wp-element-button\" href=\"#back\">Back<\/a><\/div>\n<\/div>\n\n\n\n<p class=\"has-text-align-center has-background-color has-pale-cyan-blue-background-color has-text-color has-background has-x-large-font-size\" id=\"program\"><strong>PROGRAM<\/strong><\/p>\n\n\n\n<p class=\"has-background-color has-pale-cyan-blue-background-color has-text-color has-background has-large-font-size\">May 29th, Thursday<\/p>\n\n\n\n<p class=\"has-background-color has-pale-cyan-blue-background-color has-text-color has-background\">10:00 \u2013 Opening Session &#8211; ESE Auditorium<br><strong>Angela Lemos <\/strong>| President of the Polytechnic Institute of Set\u00fabal<br><strong>Jo\u00e3o Pires <\/strong>| Dean of ESE-IP Set\u00fabal<br><strong>Luis Leitao<\/strong> | Professor at the Science and Technology Department of ESE-IP Set\u00fabal  <\/p>\n\n\n\n<p class=\"has-background-color has-pale-cyan-blue-background-color has-text-color has-background\">10:30 \u2013 <em>Physical Activity, Exercise and Nutrition<\/em> &#8211; ESE Auditorium<br>Sedentary behaviors and prevention of musculoskeletal disorders in the working population. &#8211; <strong>PhD Miguel Madruga, University of Salamanca, Spain<\/strong><\/p>\n\n\n\n<p class=\"has-background-color has-pale-cyan-blue-background-color has-text-color has-background\">11:15 &#8211; Sedentary behaviors and prevention of musculoskeletal disorders in the working population &#8211; <strong>PhD Josu\u00e9 Prieto, University of Salamanca, Spain<\/strong><\/p>\n\n\n\n<p class=\"has-background-color has-pale-cyan-blue-background-color has-text-color has-background has-link-color wp-elements-d5f63b348fd7d0db1ac875e227b78491\">12:00 &#8211; <a href=\"Aquecimento: evid\u00eanicas e aplica\u00e7\u00f5es no treinamento esportivo\">Warming up: evidence and applications in sports training <\/a> &#8211; <strong>PhD Jo\u00e3o Ferreira-Junior, Federal Institute of Minas Gerais, Brazil<\/strong><\/p>\n\n\n\n<p class=\"has-background-color has-pale-cyan-blue-background-color has-text-color has-background\">13:30 &#8211; Lunch Break<\/p>\n\n\n\n<p class=\"has-background-color has-pale-cyan-blue-background-color has-text-color has-background\"> 14:00 \u2013 <em>Exercise and Biomechanics in sport<\/em> &#8211; ESE Auditorium                                                                    <br> WORKSHOP: Biomechanics and Nutrition in Endurance Sports in the Natural Environment &#8211; <strong>PhD Miguel Madruga and Josue Prieto, University of Salamanca, Spain<\/strong><\/p>\n\n\n\n<p class=\"has-background-color has-pale-cyan-blue-background-color has-text-color has-background has-link-color wp-elements-6031f50b1fe53b1e9bc25b11007033b9\">16:00 &#8211; <strong>Recents Advances in Sports Injury Rehabilitation: The Role of Blood Flow Restriction<\/strong> &#8211;<strong> MsT Christian Castilla, Rehab fitness coach\/ S&amp;C coach, Spain<\/strong><\/p>\n\n\n\n<p class=\"has-background-color has-pale-cyan-blue-background-color has-text-color has-background has-link-color wp-elements-b7d3319550473a19331ea9b5b9048b21\">16:30 &#8211; Considerations for criteria and exercise selection following a hamstring injury&nbsp;in football &#8211; <strong>MsT Paolo Perna, <strong>Sports Medicine and<\/strong><\/strong> <strong>Physioterapist, University of Suffolk<\/strong>, <strong>UK<\/strong><\/p>\n\n\n\n<p class=\"has-background-color has-pale-cyan-blue-background-color has-text-color has-background has-link-color wp-elements-489072aab1ce0a4056e1f41aa4f72a7e\">17:00 &#8211; Sports Injury Rehabilitation Round Table with Paolo Perna and Christian Castilla moderated by Javier Pecci, University of Seville, Spain<\/p>\n\n\n\n<p class=\"has-background-color has-pale-cyan-blue-background-color has-text-color has-background\">18:00- 19:30 Abstract\/Video Oral Presentations I<\/p>\n\n\n\n<p><\/p>\n\n\n\n<p><\/p>\n\n\n\n<p><\/p>\n\n\n\n<p><\/p>\n\n\n\n<p class=\"has-text-align-left has-background-color has-pale-cyan-blue-background-color has-text-color has-background has-large-font-size\">May 30th, Friday<\/p>\n\n\n\n<p class=\"has-background-color has-pale-cyan-blue-background-color has-text-color has-background\">8:00 \u2013 Abstract\/Video Oral Presentations II<\/p>\n\n\n\n<p class=\"has-background-color has-pale-cyan-blue-background-color has-text-color has-background\">13:00 &#8211; Lunch Break<\/p>\n\n\n\n<p class=\"has-background-color has-pale-cyan-blue-background-color has-text-color has-background has-link-color wp-elements-93f404384654ba55fe23edecd16e8711\">14:00 &#8211; Resistance Training in the female athlete: Physiological considerations &#8211; <strong>PhD Std Vera Salmi, University of Jyv\u00e4skyl\u00e4, Finland<\/strong><\/p>\n\n\n\n<p class=\"has-background-color has-pale-cyan-blue-background-color has-text-color has-background\">14:40 \u2013<em> Congress Closing Session<\/em><br><strong>Luis Leit\u00e3o<\/strong> | Chair of the Congress Organizing Committie<br><strong>Ra\u00fal Dom\u00ednguez<\/strong> | Professor in Sports at University of Seville<\/p>\n\n\n\n<div class=\"wp-block-buttons is-layout-flex wp-block-buttons-is-layout-flex\">\n<div class=\"wp-block-button\"><a class=\"wp-block-button__link has-background-color has-pale-cyan-blue-background-color has-text-color has-background wp-element-button\" href=\"#back\">back<\/a><\/div>\n<\/div>\n\n\n\n<p><\/p>\n\n\n\n<p class=\"has-text-align-center has-background-color has-pale-cyan-blue-background-color has-text-color has-background has-x-large-font-size\" id=\"speakers\">Oral Presentations<\/p>\n\n\n\n<div data-wp-interactive=\"\" class=\"wp-block-file has-background-background-color has-background has-link-color wp-elements-a9d340dcc5dae4873337d50ec97b1bed\"><object data-wp-bind--hidden=\"!selectors.core.file.hasPdfPreview\" hidden class=\"wp-block-file__embed\" data=\"https:\/\/projetos.ese.ips.pt\/ebn2025\/wp-content\/uploads\/2025\/05\/EBN-2025-Oral-P.-II-1.pdf\" type=\"application\/pdf\" style=\"width:100%;height:600px\" aria-label=\"Incorpora\u00e7\u00e3o de EBN-2025-Oral-P.-II-1.\"><\/object><a id=\"wp-block-file--media-04d12689-7d93-4297-9a36-e1b852029562\" href=\"https:\/\/projetos.ese.ips.pt\/ebn2025\/wp-content\/uploads\/2025\/05\/EBN-2025-Oral-P.-II-1.pdf\">EBN-2025-Oral-P.-II-1<\/a><a href=\"https:\/\/projetos.ese.ips.pt\/ebn2025\/wp-content\/uploads\/2025\/05\/EBN-2025-Oral-P.-II-1.pdf\" class=\"wp-block-file__button wp-element-button\" download aria-describedby=\"wp-block-file--media-04d12689-7d93-4297-9a36-e1b852029562\">Descarregar<\/a><\/div>\n\n\n\n<div data-wp-interactive=\"\" class=\"wp-block-file\"><object data-wp-bind--hidden=\"!selectors.core.file.hasPdfPreview\" hidden class=\"wp-block-file__embed\" data=\"https:\/\/projetos.ese.ips.pt\/ebn2025\/wp-content\/uploads\/2026\/01\/EBN-2025-Oral-P.-I.pdf\" type=\"application\/pdf\" style=\"width:100%;height:600px\" aria-label=\"Incorpora\u00e7\u00e3o de EBN-2025-Oral-P.-I.\"><\/object><a id=\"wp-block-file--media-374bd6d3-5314-420a-834a-22101eee9dbf\" href=\"https:\/\/projetos.ese.ips.pt\/ebn2025\/wp-content\/uploads\/2026\/01\/EBN-2025-Oral-P.-I.pdf\">EBN-2025-Oral-P.-I<\/a><a href=\"https:\/\/projetos.ese.ips.pt\/ebn2025\/wp-content\/uploads\/2026\/01\/EBN-2025-Oral-P.-I.pdf\" class=\"wp-block-file__button wp-element-button\" download aria-describedby=\"wp-block-file--media-374bd6d3-5314-420a-834a-22101eee9dbf\">Descarregar<\/a><\/div>\n\n\n\n<p><\/p>\n\n\n\n<p class=\"has-text-align-center has-background-color has-pale-cyan-blue-background-color has-text-color has-background has-link-color has-large-font-size wp-elements-a5a3d873b12ae61c11aab4007ed936fa\" id=\"book\">Book of Abstracts 2025<\/p>\n\n\n\n<div data-wp-interactive=\"\" class=\"wp-block-file\"><object data-wp-bind--hidden=\"!selectors.core.file.hasPdfPreview\" hidden class=\"wp-block-file__embed\" data=\"https:\/\/projetos.ese.ips.pt\/ebn2025\/wp-content\/uploads\/2026\/01\/EBN-BoA-2025.pdf\" type=\"application\/pdf\" style=\"width:100%;height:600px\" aria-label=\"Incorpora\u00e7\u00e3o de EBN-BoA-2025.\"><\/object><a id=\"wp-block-file--media-1baccd73-a837-4078-97c8-62e9fb45867f\" href=\"https:\/\/projetos.ese.ips.pt\/ebn2025\/wp-content\/uploads\/2026\/01\/EBN-BoA-2025.pdf\">EBN-BoA-2025<\/a><a href=\"https:\/\/projetos.ese.ips.pt\/ebn2025\/wp-content\/uploads\/2026\/01\/EBN-BoA-2025.pdf\" class=\"wp-block-file__button wp-element-button\" download aria-describedby=\"wp-block-file--media-1baccd73-a837-4078-97c8-62e9fb45867f\">Descarregar<\/a><\/div>\n","protected":false},"excerpt":{"rendered":"<p>Goals and Highlights The International Congress in Exercise, Biomechanics and Nutrition is a periodic event organized by the Polytechnic Institute of Set\u00fabal. The origen of this scientific event is to disseminate knowledge about the latest developments in the field of physical exercise and their implications for health, quality of life and sports performance. However, this [&hellip;]<\/p>\n","protected":false},"author":2,"featured_media":0,"parent":0,"menu_order":0,"comment_status":"closed","ping_status":"closed","template":"","meta":{"footnotes":""},"_links":{"self":[{"href":"https:\/\/projetos.ese.ips.pt\/ebn2025\/index.php?rest_route=\/wp\/v2\/pages\/157"}],"collection":[{"href":"https:\/\/projetos.ese.ips.pt\/ebn2025\/index.php?rest_route=\/wp\/v2\/pages"}],"about":[{"href":"https:\/\/projetos.ese.ips.pt\/ebn2025\/index.php?rest_route=\/wp\/v2\/types\/page"}],"author":[{"embeddable":true,"href":"https:\/\/projetos.ese.ips.pt\/ebn2025\/index.php?rest_route=\/wp\/v2\/users\/2"}],"replies":[{"embeddable":true,"href":"https:\/\/projetos.ese.ips.pt\/ebn2025\/index.php?rest_route=%2Fwp%2Fv2%2Fcomments&post=157"}],"version-history":[{"count":119,"href":"https:\/\/projetos.ese.ips.pt\/ebn2025\/index.php?rest_route=\/wp\/v2\/pages\/157\/revisions"}],"predecessor-version":[{"id":345,"href":"https:\/\/projetos.ese.ips.pt\/ebn2025\/index.php?rest_route=\/wp\/v2\/pages\/157\/revisions\/345"}],"wp:attachment":[{"href":"https:\/\/projetos.ese.ips.pt\/ebn2025\/index.php?rest_route=%2Fwp%2Fv2%2Fmedia&parent=157"}],"curies":[{"name":"wp","href":"https:\/\/api.w.org\/{rel}","templated":true}]}}