{"id":16,"date":"2022-04-10T22:11:52","date_gmt":"2022-04-10T22:11:52","guid":{"rendered":"https:\/\/exerciseandhealtheseips.wordpress.com\/home\/"},"modified":"2022-07-06T15:52:03","modified_gmt":"2022-07-06T15:52:03","slug":"sports-international-congress","status":"publish","type":"page","link":"https:\/\/projetos.ese.ips.pt\/ebn2025\/?page_id=16","title":{"rendered":"SPORTS INTERNATIONAL CONGRESS"},"content":{"rendered":"\n<div class=\"wp-block-cover alignfull is-light has-parallax is-position-center-center\" style=\"background-image:url(https:\/\/exerciseandhealtheseips.files.wordpress.com\/2022\/04\/img_6397-1.jpg);min-height:823px\"><span aria-hidden=\"true\" class=\"wp-block-cover__background has-background-background-color has-background-dim-10 has-background-dim\"><\/span><div class=\"wp-block-cover__inner-container is-layout-flow wp-block-cover-is-layout-flow\">\n<figure class=\"wp-block-image alignright is-resized size-full is-style-default\" style=\"border-radius:0px\"><img loading=\"lazy\" decoding=\"async\" src=\"https:\/\/exerciseandhealtheseips.files.wordpress.com\/2022\/04\/ips.png\" alt=\"\" class=\"wp-image-17\" width=\"190\" height=\"151\"\/><\/figure>\n\n\n\n<div class=\"wp-block-buttons is-content-justification-right is-layout-flex wp-container-core-buttons-layout-1 wp-block-buttons-is-layout-flex\">\n<div class=\"wp-block-button alignright\"><a class=\"wp-block-button__link\" href=\"#pt\">Portugu\u00eas<\/a><\/div>\n<\/div>\n\n\n\n<p class=\"has-text-align-justify has-background-color has-primary-background-color has-text-color has-background\" id=\"back\" style=\"font-size:42px\"><strong>Exercise, Biomechanics and Nutrition <\/strong><\/p>\n\n\n\n<div class=\"wp-block-group is-layout-flow wp-block-group-is-layout-flow\">\n<p class=\"has-text-align-justify has-background-color has-primary-background-color has-text-color has-background has-small-font-size\">6-7 of June, School of Education of Polytechnic Institute of Setubal Auditorium (Creditation for IPDJ TF and TEF: 3.2 UC) <\/p>\n\n\n\n<p class=\"has-text-align-justify has-background-color has-primary-background-color has-text-color has-background has-small-font-size\">Abstract Submission Deadline: 25 of May, 2022, 23:59 CET<\/p>\n<\/div>\n\n\n\n<figure class=\"wp-block-image alignright is-resized size-large\"><a href=\"https:\/\/forms.office.com\/r\/qxvnEzkjtV\"><img loading=\"lazy\" decoding=\"async\" src=\"https:\/\/exerciseandhealtheseips.files.wordpress.com\/2022\/04\/qr-code.jpg-2.png?w=216\" alt=\"\" class=\"wp-image-32\" width=\"91\" height=\"92\"\/><\/a><\/figure>\n\n\n\n<div class=\"wp-block-buttons alignfull is-content-justification-center is-layout-flex wp-container-core-buttons-layout-2 wp-block-buttons-is-layout-flex\">\n<div class=\"wp-block-button is-style-fill\"><a class=\"wp-block-button__link has-background-color has-primary-background-color has-text-color has-background\" href=\"#zoom\">Goals and Highlights<\/a><\/div>\n\n\n\n<div class=\"wp-block-button is-style-fill\"><a class=\"wp-block-button__link has-background-color has-primary-background-color has-text-color has-background\" href=\"#committies\">Committies<\/a><\/div>\n\n\n\n<div class=\"wp-block-button is-style-fill\"><a class=\"wp-block-button__link has-background-color has-primary-background-color has-text-color has-background\" href=\"#registration\" rel=\"#\">Registration<\/a><\/div>\n\n\n\n<div class=\"wp-block-button is-style-fill\"><a class=\"wp-block-button__link has-background-color has-primary-background-color has-text-color has-background\" href=\"#abstract-submission\">Abstract Submission<\/a><\/div>\n\n\n\n<div class=\"wp-block-button is-style-fill\"><a class=\"wp-block-button__link has-background-color has-primary-background-color has-text-color has-background\" href=\"#program\">Program<\/a><\/div>\n\n\n\n<div class=\"wp-block-button is-style-fill\"><a class=\"wp-block-button__link has-background-color has-primary-background-color has-text-color has-background\" href=\"#speakers\">Speakers<\/a><\/div>\n<\/div>\n\n\n\n<div class=\"wp-block-buttons alignfull is-content-justification-center is-layout-flex wp-container-core-buttons-layout-3 wp-block-buttons-is-layout-flex\">\n<div class=\"wp-block-button\" id=\"-Abs\"><a class=\"wp-block-button__link\" href=\"#abs\">Abstracts\/Video Presentations<\/a><\/div>\n\n\n\n<div class=\"wp-block-button\"><a class=\"wp-block-button__link\" href=\"#book\">Book of Abstracts<\/a><\/div>\n<\/div>\n<\/div><\/div>\n\n\n\n<div style=\"height:229px\" aria-hidden=\"true\" class=\"wp-block-spacer\"><\/div>\n\n\n\n<div class=\"wp-block-group is-layout-flow wp-block-group-is-layout-flow\">\n<p class=\"has-text-align-center has-background-color has-primary-background-color has-text-color has-background has-huge-font-size\" id=\"zoom\"><strong>Goals<\/strong><\/p>\n<\/div>\n\n\n\n<p class=\"has-normal-font-size\">Our goal is to disseminate knowledge about the latest developments in the field of physical exercise and their implications for health, quality of life and sports performance. Speakers from five different institutions will be present, with technical-scientific competences recognized worldwide and that will certainly contribute to the increase of the technical competences of the participants.<\/p>\n\n\n\n<div class=\"wp-block-group is-layout-flow wp-block-group-is-layout-flow\">\n<h2 class=\"alignfull has-text-align-center has-background-color has-primary-background-color has-text-color has-background has-huge-font-size wp-block-heading\"><strong>Highlights<\/strong><\/h2>\n<\/div>\n\n\n\n<p class=\"has-normal-font-size\">Dynamic, current and high quality lectures;                                                                                14 Speakers from Brazil, Spain and Portugal;<br>Presentation of academic and scientific works;                                                                                                 In-Pearson and online via Zoom;<\/p>\n\n\n\n<div class=\"wp-block-buttons is-layout-flex wp-block-buttons-is-layout-flex\">\n<div class=\"wp-block-button\"><a class=\"wp-block-button__link\" href=\"#back\">back<\/a><\/div>\n<\/div>\n\n\n\n<div style=\"height:227px\" aria-hidden=\"true\" class=\"wp-block-spacer\"><\/div>\n\n\n\n<div class=\"wp-block-group is-layout-flow wp-block-group-is-layout-flow\">\n<p class=\"has-text-align-center margin-top-half has-background-color has-primary-background-color has-text-color has-background has-huge-font-size\" id=\"committies\"><strong>Committies<\/strong><\/p>\n\n\n\n<div class=\"wp-block-columns alignwide are-vertically-aligned-top is-layout-flex wp-container-core-columns-layout-1 wp-block-columns-is-layout-flex\">\n<div class=\"wp-block-column is-vertically-aligned-top has-primary-background-color has-background is-layout-flow wp-block-column-is-layout-flow\">\n<p class=\"has-background-color has-primary-background-color has-text-color has-background has-large-font-size\"><strong>Organizing Committee<\/strong><\/p>\n\n\n\n<p class=\"has-background-color has-primary-background-color has-text-color has-background\" style=\"font-size:18px\">Chair: Luis Leit\u00e3o &#8211; ESE-IPSet\u00fabal<\/p>\n\n\n\n<p class=\"has-background-color has-primary-background-color has-text-color has-background\" style=\"font-size:18px\">Members: <\/p>\n\n\n\n<p class=\"has-background-color has-primary-background-color has-text-color has-background\" style=\"font-size:18px\">Teresa Figueiredo, Amilcar Antunes, Ana Pereira, Ana Figueira, Paulo Nunes, Fernando Santos, Mario Espada, Ricardo Robalo &#8211; ESE-IP Set\u00fabal<\/p>\n<\/div>\n\n\n\n<div class=\"wp-block-column is-vertically-aligned-top has-primary-background-color has-background is-layout-flow wp-block-column-is-layout-flow\">\n<p class=\"has-background-color has-primary-background-color has-text-color has-background has-large-font-size\"><strong>Scientific Committee<\/strong><\/p>\n\n\n\n<p class=\"has-background-color has-primary-background-color has-text-color has-background\" style=\"font-size:18px\">Chair: Luis Leit\u00e3o &#8211; ESE-IP Set\u00fabal<\/p>\n\n\n\n<p class=\"has-background-color has-primary-background-color has-text-color has-background\" style=\"font-size:18px\">Members: <\/p>\n\n\n\n<p class=\"has-background-color has-primary-background-color has-text-color has-background\" style=\"font-size:18px\">Teresa Figueiredo, Ana Pereira, Am\u00edlcar Antunes, Paulo Nunes and Ana Figueira \u2013 IP Set\u00fabal, Portugal<\/p>\n\n\n\n<p class=\"has-background-color has-primary-background-color has-text-color has-background\" style=\"font-size:18px\">Raul Dominguez, Ant\u00f3nio S\u00e1nchez-Oliver, Jes\u00fas Fernand\u00e9z-Gavira and Borja Sa\u00f1udo \u2013 Universidad de Sevilla, Spain<\/p>\n\n\n\n<p class=\"has-background-color has-primary-background-color has-text-color has-background\" style=\"font-size:18px\">Fernando Pareja Blanco \u2013 Universidad de Pablo de Olavide, Spain                                           <\/p>\n\n\n\n<p class=\"has-background-color has-primary-background-color has-text-color has-background\" style=\"font-size:18px\">Moacir Marocolo and Jeferson Vianna \u2013 Universidade Federal de Juiz de Fora, Brazil<\/p>\n\n\n\n<p class=\"has-background-color has-primary-background-color has-text-color has-background\" style=\"font-size:18px\">Jefferson Novaes &#8211; Universidade Federal de Rio de Janeiro, Brazil<\/p>\n\n\n\n<p class=\"has-background-color has-primary-background-color has-text-color has-background\" style=\"font-size:18px\">Maria Socorro Sousa &#8211; Universidade Federal da Para\u00edba, Brazil<\/p>\n<\/div>\n<\/div>\n\n\n\n<div class=\"wp-block-buttons is-layout-flex wp-block-buttons-is-layout-flex\">\n<div class=\"wp-block-button\"><a class=\"wp-block-button__link\" href=\"#back\">Back<\/a><\/div>\n<\/div>\n<\/div>\n\n\n\n<div style=\"height:170px\" aria-hidden=\"true\" class=\"wp-block-spacer\"><\/div>\n\n\n\n<div class=\"wp-block-group alignfull is-layout-flow wp-block-group-is-layout-flow\">\n<p class=\"has-background-color has-primary-background-color has-text-color has-background has-huge-font-size\" id=\"abstract-submission\"><strong>Abstract Submission<\/strong> <\/p>\n\n\n\n<p class=\"has-normal-font-size\">Abstracts submission till 25th of May at 23:59 via email: congressodesportoese@ese.ips.pt<\/p>\n\n\n\n<p class=\"has-normal-font-size\"><br><strong>Mandatory:<\/strong> Abstract submission is in English and Portuguese or Spanish throught WORD file (<a href=\"#abstract\">download<\/a>) and 3-minute video with presentation of the work (in Portuguese, Spanish or English).  After reviewing the communications by the congress Scientific Council, all authors will be informed about the acceptance of their submission via email and the date and hour of the presentation. The presenter of the work must be online at the ZOOM link of the congress or in-person at the auditorium of ESE-IPSet\u00fabal to answer to any question of their work. <\/p>\n\n\n\n<div class=\"wp-block-group is-layout-flow wp-block-group-is-layout-flow\">\n<div id=\"abstract\" class=\"wp-block-file\"><a id=\"wp-block-file--media-3b9bd413-7a15-4758-927f-59da2d1d8c15\" href=\"https:\/\/exerciseandhealtheseips.files.wordpress.com\/2022\/04\/abstract-template.docx\">abstract-template<\/a><a href=\"https:\/\/exerciseandhealtheseips.files.wordpress.com\/2022\/04\/abstract-template.docx\" class=\"wp-block-file__button\" download aria-describedby=\"wp-block-file--media-3b9bd413-7a15-4758-927f-59da2d1d8c15\">Download<\/a><\/div>\n<\/div>\n\n\n\n<p class=\"has-normal-font-size\">All accepted abstracts will be published in the book of abstracts of the Event.<\/p>\n\n\n\n<div class=\"wp-block-buttons is-layout-flex wp-block-buttons-is-layout-flex\">\n<div class=\"wp-block-button\"><a class=\"wp-block-button__link\" href=\"#back\">Back<\/a><\/div>\n<\/div>\n\n\n\n<div style=\"height:330px\" aria-hidden=\"true\" class=\"wp-block-spacer\"><\/div>\n\n\n\n<p class=\"has-background-color has-primary-background-color has-text-color has-background has-huge-font-size\" id=\"registration\">Registration<\/p>\n\n\n\n<figure class=\"wp-block-image alignright is-resized size-large\"><img loading=\"lazy\" decoding=\"async\" src=\"https:\/\/exerciseandhealtheseips.files.wordpress.com\/2022\/04\/qr-code.jpg-2.png?w=216\" alt=\"\" class=\"wp-image-32\" width=\"88\" height=\"89\"\/><\/figure>\n\n\n\n<p class=\"has-normal-font-size\">Free of Charge but registration is mandatory.<\/p>\n\n\n\n<div class=\"wp-block-buttons is-layout-flex wp-block-buttons-is-layout-flex\">\n<div class=\"wp-block-button alignleft\"><a class=\"wp-block-button__link\" href=\"https:\/\/forms.office.com\/r\/qxvnEzkjtV\" target=\"_blank\" rel=\"noreferrer noopener\">Click Here for registration<\/a><\/div>\n<\/div>\n\n\n\n<p class=\"has-normal-font-size\">The event will be held in-person at the ESE-IP Set\u00fabal auditorium and online via zoom: <a rel=\"noreferrer noopener\" href=\"https:\/\/videoconf-colibri.zoom.us\/j\/85021778304\" target=\"_blank\">https:\/\/videoconf-colibri.zoom.us\/j\/85021778304<\/a>.<\/p>\n\n\n\n<p><strong>Contacts:<\/strong> congressodesportoese@ese.ips.pt<\/p>\n\n\n\n<p class=\"has-medium-font-size\"><strong>Address: <\/strong>Escola Superior de Educa\u00e7\u00e3o, Campus do Instituto Polit\u00e9cnico de Set\u00fabal, Estefanilha 2914-504 Set\u00fabal<\/p>\n\n\n\n<div class=\"wp-block-buttons is-layout-flex wp-block-buttons-is-layout-flex\">\n<div class=\"wp-block-button\"><a class=\"wp-block-button__link\" href=\"#back\">Back<\/a><\/div>\n<\/div>\n\n\n\n<div style=\"height:286px\" aria-hidden=\"true\" class=\"wp-block-spacer\"><\/div>\n\n\n\n<div class=\"wp-block-group is-layout-flow wp-block-group-is-layout-flow\">\n<div class=\"wp-block-group is-layout-flow wp-block-group-is-layout-flow\">\n<div class=\"wp-block-cover is-light\"><span aria-hidden=\"true\" class=\"wp-block-cover__background has-background-dim\"><\/span><img decoding=\"async\" class=\"wp-block-cover__image-background wp-image-67\" alt=\"\" src=\"https:\/\/exerciseandhealtheseips.files.wordpress.com\/2022\/04\/cropped-ips-ese-2.jpeg\" data-object-fit=\"cover\"\/><div class=\"wp-block-cover__inner-container is-layout-flow wp-block-cover-is-layout-flow\">\n<div class=\"wp-block-group is-layout-flow wp-block-group-is-layout-flow\">\n<div class=\"wp-block-columns has-primary-background-color has-background is-layout-flex wp-container-core-columns-layout-2 wp-block-columns-is-layout-flex\">\n<div class=\"wp-block-column is-vertically-aligned-center is-layout-flow wp-block-column-is-layout-flow\" style=\"flex-basis:100%\">\n<p class=\"has-text-align-center has-background-color has-primary-background-color has-text-color has-background has-huge-font-size\" id=\"program\"><strong>PROGRAM<\/strong><\/p>\n<\/div>\n<\/div>\n<\/div>\n\n\n\n<p class=\"has-background-color has-primary-background-color has-text-color has-background has-large-font-size\"><strong>June 6th, Monday<\/strong><\/p>\n\n\n\n<p class=\"has-background-color has-primary-background-color has-text-color has-background has-small-font-size\">10:00 \u2013 Opening Session &#8211; ESE Auditorium<br><strong>Angela Lemos <\/strong>| President of the Polytechnic Institute of Set\u00fabal<br><strong>Cristina Gomes da Silva<\/strong> | Dean of ESE<br><strong>Borja Sanudo<\/strong> | Head of Sport Sciences Department of University of Sevilla<br><strong>Fernando Pareja-Blanco <\/strong>| Head of Sport Sciences Department of University of Pablo de Olavide<br><strong>Teresa Figueiredo <\/strong>| Head of Science and Technology Department of ESE-IP Set\u00fabal<br><strong>Luis Leitao<\/strong> | Professor at the Science and Technology Department of ESE-IP Set\u00fabal                                                                 <br><\/p>\n\n\n\n<p class=\"has-background-color has-primary-background-color has-text-color has-background has-small-font-size\">10:30 \u2013 <em>Physical Activity, Exercise and Health<\/em> &#8211; ESE Auditorium<br>Assessing physical fitness in Older Adults &#8211; <strong>PhD Borja Sa\u00f1udo, University of Sevilla<\/strong><br>Physical Exercise and Obesity &#8211; <strong>PhD Ant\u00f3nio S\u00e1nchez-Oliver, Universi<strong>ty of<\/strong> Sevilla<\/strong><br>The school as a promoter of healthy habits &#8211; <strong>PhD Jos\u00e9 Enrique Moral Garcia, Universi<strong>ty of<\/strong> Sevilla<\/strong><br>Physical Exercise and Osteoporosis &#8211; <strong>MsT Hor\u00e1cio S\u00e1nchez-Trigo, Universi<strong>ty of<\/strong> Sevilla<\/strong><br>                                                                                                                                                                                                 <\/p>\n\n\n\n<p class=\"has-background-color has-primary-background-color has-text-color has-background has-small-font-size\">12:30 \u2013 Lunch Break                                                                                                                                                                                          <\/p>\n\n\n\n<p class=\"has-background-color has-primary-background-color has-text-color has-background has-small-font-size\"> 14:00 \u2013 <em>Exercise and Biomechanics in sport<\/em> &#8211; ESE Auditorium<br>Strength training and vigorexia \u2013 <strong>PhD Jefferson Novaes, Federal University of Rio de Janeiro<\/strong><br><br>Training Methodology in Fitness &#8211; <strong>PhD Maria Socorro Cirilo, Federal University of Para\u00edba<\/strong>                                                                                                                                                                                                                                                                                                   <\/p>\n\n\n\n<p class=\"has-background-color has-primary-background-color has-text-color has-background has-small-font-size\">15h15 \u2013 <em>Biomechanics and Nutrition in sport for health<\/em> &#8211; ESE Auditorium<br>Strength training monitoring &#8211; <strong>PhD Alejandro Mu\u00f1oz-Lopez, <strong>University<\/strong><\/strong> of <strong>Sevilla <\/strong> <br>Advances in Sports Supplementation: Beetroot Juice &#8211;<strong> PhD Ra\u00fal Dominguez, <strong>University<\/strong><\/strong> o<strong>f Sevilla<\/strong>                                                                                                                                                                                              <\/p>\n\n\n\n<p class=\"has-background-color has-primary-background-color has-text-color has-background has-small-font-size\">16:30 \u2013 Break       <\/p>\n\n\n\n<p class=\"has-background-color has-primary-background-color has-text-color has-background has-small-font-size\"> 16:45 \u2013 Abstract\/Video Presentations I<\/p>\n\n\n\n<div style=\"height:116px\" aria-hidden=\"true\" class=\"wp-block-spacer\"><\/div>\n\n\n\n<p class=\"has-background-color has-primary-background-color has-text-color has-background has-large-font-size\"><strong>June 7th, Tuesday<\/strong><\/p>\n\n\n\n<p class=\"has-background-color has-primary-background-color has-text-color has-background has-small-font-size\"><br>9:00 \u2013 Abstract\/Video Presentations I<br>                                                                                                                                                                                                 <\/p>\n\n\n\n<p class=\"has-background-color has-primary-background-color has-text-color has-background has-small-font-size\">10:30 \u2013 Speed \u200b\u200bof execution as a basis for Strength Training with BFR \u2013 <strong>PhD Fernando Pareja-Blanco, University of <strong>Pablo de Olavide<\/strong><\/strong><\/p>\n\n\n\n<p class=\"has-background-color has-primary-background-color has-text-color has-background has-small-font-size\">11h30 &#8211; Challenges in managing personal training services &#8211; <strong>PhD Jer\u00f3nimo Garcia-Fern\u00e1ndez<strong>, University<\/strong> of Sevilla and<\/strong> <strong>PhD Mois\u00e9s Grimaldi-Puyana, University of Sevilla<\/strong><br>                                                                                                                                                                                                <\/p>\n\n\n\n<p class=\"has-background-color has-primary-background-color has-text-color has-background has-small-font-size\">12:30 \u2013 Lunch Break<br>                                                                                                                                                                                                <\/p>\n\n\n\n<p class=\"has-background-color has-primary-background-color has-text-color has-background has-small-font-size\">14:00 \u2013 Parcial Vs Total amplitude in Strength Training &#8211; <strong>PhD Jeferson Vianna, Federal University of Juiz de Fora<\/strong>                                                                                                                                              14:30 &#8211; The real effect of Ischemic PreCondition on physical exercise \u2013 <strong>PhD Moacir Marocolo, Federal University of Juiz de Fora<\/strong><br>                                                                                                                                                                                                   <\/p>\n\n\n\n<p class=\"has-background-color has-primary-background-color has-text-color has-background has-small-font-size\">15:15 \u2013 Sports Management and social inclusion through physical exercise<br>Social Inclusion and Sport. New perspectives from education in the natural Physical Activity and Sport for Vulnerable Populations &#8211; <strong>PhD Jes\u00fas Fernand\u00e9z-Gavira, Sevilla University<\/strong>                                                                                                                                                                                               <\/p>\n\n\n\n<p class=\"has-background-color has-primary-background-color has-text-color has-background has-small-font-size\">15:45 \u2013<em> Congress Closing Session<\/em><br><strong>Cristina Gomes da Silva<\/strong>| Dean of Superior School of Education of the Polytechnic Institute of Set\u00fabal<br><strong>Luis Leit\u00e3o<\/strong> | Professor of Science and Technology Department at ESE-IP Set\u00fabal<br><strong>Ana Pereira<\/strong> | Coordinator of the Degree in Sports at ESE-IP Set\u00fabal<\/p>\n<\/div><\/div>\n<\/div>\n<\/div>\n<\/div>\n\n\n\n<div class=\"wp-block-buttons is-layout-flex wp-block-buttons-is-layout-flex\">\n<div class=\"wp-block-button\"><a class=\"wp-block-button__link\" href=\"#back\">Back<\/a><\/div>\n<\/div>\n\n\n\n<div style=\"height:258px\" aria-hidden=\"true\" class=\"wp-block-spacer\"><\/div>\n\n\n\n<p class=\"has-background-color has-primary-background-color has-text-color has-background has-huge-font-size\" id=\"speakers\">Speakers<\/p>\n\n\n\n<div class=\"wp-block-cover is-light has-custom-content-position is-position-bottom-left\"><span aria-hidden=\"true\" class=\"wp-block-cover__background has-background-dim\"><\/span><img loading=\"lazy\" decoding=\"async\" width=\"670\" height=\"1024\" class=\"wp-block-cover__image-background wp-image-46\" alt=\"\" src=\"https:\/\/projetos.ese.ips.pt\/ebn2022\/wp-content\/uploads\/2022\/04\/borja-670x1024.png\" style=\"object-position:44% 48%\" data-object-fit=\"cover\" data-object-position=\"44% 48%\" srcset=\"https:\/\/projetos.ese.ips.pt\/ebn2025\/wp-content\/uploads\/2022\/04\/borja-670x1024.png 670w, https:\/\/projetos.ese.ips.pt\/ebn2025\/wp-content\/uploads\/2022\/04\/borja-196x300.png 196w, https:\/\/projetos.ese.ips.pt\/ebn2025\/wp-content\/uploads\/2022\/04\/borja.png 694w\" sizes=\"(max-width: 670px) 100vw, 670px\" \/><div class=\"wp-block-cover__inner-container is-layout-flow wp-block-cover-is-layout-flow\">\n<pre class=\"wp-block-preformatted has-background-color has-text-color\"><strong>PhD Borja Sa\u00f1udo                                                University of Sevilla, Spain<\/strong><\/pre>\n<\/div><\/div>\n\n\n\n<p>Info: https:\/\/www.researchgate.net\/profile\/Borja-Sanudo<\/p>\n\n\n\n<div class=\"wp-block-cover is-light has-custom-content-position is-position-bottom-left\"><span aria-hidden=\"true\" class=\"wp-block-cover__background has-background-dim\"><\/span><img loading=\"lazy\" decoding=\"async\" width=\"832\" height=\"786\" class=\"wp-block-cover__image-background wp-image-47\" alt=\"\" src=\"https:\/\/projetos.ese.ips.pt\/ebn2022\/wp-content\/uploads\/2022\/04\/antonio-oliver.png\" data-object-fit=\"cover\" srcset=\"https:\/\/projetos.ese.ips.pt\/ebn2025\/wp-content\/uploads\/2022\/04\/antonio-oliver.png 832w, https:\/\/projetos.ese.ips.pt\/ebn2025\/wp-content\/uploads\/2022\/04\/antonio-oliver-300x283.png 300w, https:\/\/projetos.ese.ips.pt\/ebn2025\/wp-content\/uploads\/2022\/04\/antonio-oliver-768x726.png 768w\" sizes=\"(max-width: 832px) 100vw, 832px\" \/><div class=\"wp-block-cover__inner-container is-layout-flow wp-block-cover-is-layout-flow\">\n<pre class=\"wp-block-preformatted has-background-color has-text-color\"><strong>PhD Antonio S\u00e1nchez-Oliver                           University of Sevilla, Spain<\/strong><\/pre>\n<\/div><\/div>\n\n\n\n<p>Info: https:\/\/www.researchgate.net\/profile\/Antonio-Sanchez-Oliver<\/p>\n\n\n\n<div class=\"wp-block-cover is-light has-custom-content-position is-position-bottom-left\"><span aria-hidden=\"true\" class=\"wp-block-cover__background has-background-dim\"><\/span><img loading=\"lazy\" decoding=\"async\" width=\"948\" height=\"1012\" class=\"wp-block-cover__image-background wp-image-48\" alt=\"\" src=\"https:\/\/projetos.ese.ips.pt\/ebn2022\/wp-content\/uploads\/2022\/04\/jose-enrique.png\" style=\"object-position:50% 34%\" data-object-fit=\"cover\" data-object-position=\"50% 34%\" srcset=\"https:\/\/projetos.ese.ips.pt\/ebn2025\/wp-content\/uploads\/2022\/04\/jose-enrique.png 948w, https:\/\/projetos.ese.ips.pt\/ebn2025\/wp-content\/uploads\/2022\/04\/jose-enrique-281x300.png 281w, https:\/\/projetos.ese.ips.pt\/ebn2025\/wp-content\/uploads\/2022\/04\/jose-enrique-768x820.png 768w\" sizes=\"(max-width: 948px) 100vw, 948px\" \/><div class=\"wp-block-cover__inner-container is-layout-flow wp-block-cover-is-layout-flow\">\n<pre class=\"wp-block-preformatted has-background-color has-text-color\"><strong>PhD Jos\u00e9 Enrique Garcia,                                     Universtiy of Sevilla, Spain<\/strong><\/pre>\n<\/div><\/div>\n\n\n\n<p>Info: https:\/\/www.researchgate.net\/profile\/Jose-Moral-Garcia<\/p>\n\n\n\n<div class=\"wp-block-cover is-light has-custom-content-position is-position-bottom-left\"><span aria-hidden=\"true\" class=\"wp-block-cover__background has-background-dim\"><\/span><img loading=\"lazy\" decoding=\"async\" width=\"796\" height=\"796\" class=\"wp-block-cover__image-background wp-image-49\" alt=\"\" src=\"https:\/\/projetos.ese.ips.pt\/ebn2022\/wp-content\/uploads\/2022\/04\/horacio.png\" data-object-fit=\"cover\" srcset=\"https:\/\/projetos.ese.ips.pt\/ebn2025\/wp-content\/uploads\/2022\/04\/horacio.png 796w, https:\/\/projetos.ese.ips.pt\/ebn2025\/wp-content\/uploads\/2022\/04\/horacio-300x300.png 300w, https:\/\/projetos.ese.ips.pt\/ebn2025\/wp-content\/uploads\/2022\/04\/horacio-150x150.png 150w, https:\/\/projetos.ese.ips.pt\/ebn2025\/wp-content\/uploads\/2022\/04\/horacio-768x768.png 768w\" sizes=\"(max-width: 796px) 100vw, 796px\" \/><div class=\"wp-block-cover__inner-container is-layout-flow wp-block-cover-is-layout-flow\">\n<pre class=\"wp-block-preformatted has-background-color has-text-color\"><strong>MsT Horacio S\u00e1nchez-Trigo,                                                            University of Sevilla, Spain<\/strong><\/pre>\n<\/div><\/div>\n\n\n\n<p>Info: https:\/\/www.researchgate.net\/profile\/Horacio-Sanchez-Trigo<\/p>\n\n\n\n<div class=\"wp-block-cover is-light has-custom-content-position is-position-bottom-left\" style=\"min-height:381px\"><span aria-hidden=\"true\" class=\"wp-block-cover__background has-background-dim\"><\/span><img loading=\"lazy\" decoding=\"async\" width=\"300\" height=\"390\" class=\"wp-block-cover__image-background wp-image-42\" alt=\"\" src=\"https:\/\/projetos.ese.ips.pt\/ebn2022\/wp-content\/uploads\/2022\/04\/Novaes.png\" style=\"object-position:49% 21%\" data-object-fit=\"cover\" data-object-position=\"49% 21%\" srcset=\"https:\/\/projetos.ese.ips.pt\/ebn2025\/wp-content\/uploads\/2022\/04\/Novaes.png 300w, https:\/\/projetos.ese.ips.pt\/ebn2025\/wp-content\/uploads\/2022\/04\/Novaes-231x300.png 231w\" sizes=\"(max-width: 300px) 100vw, 300px\" \/><div class=\"wp-block-cover__inner-container is-layout-flow wp-block-cover-is-layout-flow\">\n<pre class=\"wp-block-preformatted has-background-color has-text-color\"><strong>PhD. Jefferson Novaes                                             Federal University of Rio de Janeiro, Brazil<\/strong><\/pre>\n<\/div><\/div>\n\n\n\n<p>Info: https:\/\/www.researchgate.net\/profile\/Jeffersonda-Novaes<\/p>\n\n\n\n<div class=\"wp-block-cover is-light has-custom-content-position is-position-bottom-left\" style=\"min-height:445px\"><span aria-hidden=\"true\" class=\"wp-block-cover__background has-background-dim\"><\/span><img loading=\"lazy\" decoding=\"async\" width=\"594\" height=\"680\" class=\"wp-block-cover__image-background wp-image-43\" alt=\"\" src=\"https:\/\/projetos.ese.ips.pt\/ebn2022\/wp-content\/uploads\/2022\/04\/vianna.png\" style=\"object-position:49% 47%\" data-object-fit=\"cover\" data-object-position=\"49% 47%\" srcset=\"https:\/\/projetos.ese.ips.pt\/ebn2025\/wp-content\/uploads\/2022\/04\/vianna.png 594w, https:\/\/projetos.ese.ips.pt\/ebn2025\/wp-content\/uploads\/2022\/04\/vianna-262x300.png 262w\" sizes=\"(max-width: 594px) 100vw, 594px\" \/><div class=\"wp-block-cover__inner-container is-layout-flow wp-block-cover-is-layout-flow\">\n<pre class=\"wp-block-preformatted has-background-color has-text-color\"><strong>PhD. Jeferson Vianna,                                             Federal University of Juiz de Fora, Brazil<\/strong><\/pre>\n<\/div><\/div>\n\n\n\n<p>Info: https:\/\/www.researchgate.net\/profile\/Jeferson-Vianna<\/p>\n\n\n\n<div class=\"wp-block-cover is-light has-custom-content-position is-position-bottom-left\" style=\"min-height:495px\"><span aria-hidden=\"true\" class=\"wp-block-cover__background has-background-dim\"><\/span><img loading=\"lazy\" decoding=\"async\" width=\"300\" height=\"420\" class=\"wp-block-cover__image-background wp-image-44\" alt=\"\" src=\"https:\/\/projetos.ese.ips.pt\/ebn2022\/wp-content\/uploads\/2022\/04\/socorro.png\" style=\"object-position:53% 47%\" data-object-fit=\"cover\" data-object-position=\"53% 47%\" srcset=\"https:\/\/projetos.ese.ips.pt\/ebn2025\/wp-content\/uploads\/2022\/04\/socorro.png 300w, https:\/\/projetos.ese.ips.pt\/ebn2025\/wp-content\/uploads\/2022\/04\/socorro-214x300.png 214w\" sizes=\"(max-width: 300px) 100vw, 300px\" \/><div class=\"wp-block-cover__inner-container is-layout-flow wp-block-cover-is-layout-flow\">\n<pre class=\"wp-block-preformatted has-background-color has-text-color\"><strong>PhD. Maria Soccorro Sousa,                                   Federal University of Paraiba, Brazil<\/strong><\/pre>\n<\/div><\/div>\n\n\n\n<p>Info: https:\/\/www.researchgate.net\/profile\/Maria-Sousa-12<\/p>\n\n\n\n<div class=\"wp-block-cover has-custom-content-position is-position-bottom-left\"><span aria-hidden=\"true\" class=\"wp-block-cover__background has-background-dim\"><\/span><img loading=\"lazy\" decoding=\"async\" width=\"683\" height=\"1024\" class=\"wp-block-cover__image-background wp-image-50\" alt=\"\" src=\"https:\/\/projetos.ese.ips.pt\/ebn2022\/wp-content\/uploads\/2022\/04\/alejandro-683x1024.png\" style=\"object-position:33% 19%\" data-object-fit=\"cover\" data-object-position=\"33% 19%\" srcset=\"https:\/\/projetos.ese.ips.pt\/ebn2025\/wp-content\/uploads\/2022\/04\/alejandro-683x1024.png 683w, https:\/\/projetos.ese.ips.pt\/ebn2025\/wp-content\/uploads\/2022\/04\/alejandro-200x300.png 200w, https:\/\/projetos.ese.ips.pt\/ebn2025\/wp-content\/uploads\/2022\/04\/alejandro.png 720w\" sizes=\"(max-width: 683px) 100vw, 683px\" \/><div class=\"wp-block-cover__inner-container is-layout-flow wp-block-cover-is-layout-flow\">\n<pre class=\"wp-block-preformatted\"><strong>PhD Alejandro Mu\u00f1oz-L\u00f3pez,                            University of Sevilla, Spain<\/strong><\/pre>\n<\/div><\/div>\n\n\n\n<p>Info: https:\/\/www.researchgate.net\/profile\/Alejandro-Munoz-Lopez<\/p>\n\n\n\n<div class=\"wp-block-cover is-light has-custom-content-position is-position-bottom-left\"><span aria-hidden=\"true\" class=\"wp-block-cover__background has-background-dim\"><\/span><img loading=\"lazy\" decoding=\"async\" width=\"554\" height=\"836\" class=\"wp-block-cover__image-background wp-image-51\" alt=\"\" src=\"https:\/\/projetos.ese.ips.pt\/ebn2022\/wp-content\/uploads\/2022\/04\/raul.png\" style=\"object-position:52% 8%\" data-object-fit=\"cover\" data-object-position=\"52% 8%\" srcset=\"https:\/\/projetos.ese.ips.pt\/ebn2025\/wp-content\/uploads\/2022\/04\/raul.png 554w, https:\/\/projetos.ese.ips.pt\/ebn2025\/wp-content\/uploads\/2022\/04\/raul-199x300.png 199w\" sizes=\"(max-width: 554px) 100vw, 554px\" \/><div class=\"wp-block-cover__inner-container is-layout-flow wp-block-cover-is-layout-flow\">\n<pre class=\"wp-block-preformatted has-background-color has-text-color\"><strong>PhD Ra\u00fal Dominguez,                                         University of Sevilla, Spain<\/strong><\/pre>\n<\/div><\/div>\n\n\n\n<p>Info: https:\/\/www.researchgate.net\/profile\/Raul-Dominguez-6<\/p>\n\n\n\n<div class=\"wp-block-cover has-custom-content-position is-position-bottom-left\"><span aria-hidden=\"true\" class=\"wp-block-cover__background has-background-dim\"><\/span><img loading=\"lazy\" decoding=\"async\" width=\"1024\" height=\"1024\" class=\"wp-block-cover__image-background wp-image-54\" alt=\"\" src=\"https:\/\/projetos.ese.ips.pt\/ebn2022\/wp-content\/uploads\/2022\/04\/gavira-1024x1024.jpg\" style=\"object-position:54% 5%\" data-object-fit=\"cover\" data-object-position=\"54% 5%\" srcset=\"https:\/\/projetos.ese.ips.pt\/ebn2025\/wp-content\/uploads\/2022\/04\/gavira-1024x1024.jpg 1024w, https:\/\/projetos.ese.ips.pt\/ebn2025\/wp-content\/uploads\/2022\/04\/gavira-300x300.jpg 300w, https:\/\/projetos.ese.ips.pt\/ebn2025\/wp-content\/uploads\/2022\/04\/gavira-150x150.jpg 150w, https:\/\/projetos.ese.ips.pt\/ebn2025\/wp-content\/uploads\/2022\/04\/gavira-768x768.jpg 768w, https:\/\/projetos.ese.ips.pt\/ebn2025\/wp-content\/uploads\/2022\/04\/gavira-1536x1536.jpg 1536w, https:\/\/projetos.ese.ips.pt\/ebn2025\/wp-content\/uploads\/2022\/04\/gavira.jpg 1600w\" sizes=\"(max-width: 1024px) 100vw, 1024px\" \/><div class=\"wp-block-cover__inner-container is-layout-flow wp-block-cover-is-layout-flow\">\n<pre class=\"wp-block-preformatted\"><strong>PhD Jes\u00fas Gavira,                                              University of Sevilla, Spain<\/strong><\/pre>\n<\/div><\/div>\n\n\n\n<p>Info: https:\/\/www.researchgate.net\/profile\/Jesus-Fernandez-8<\/p>\n\n\n\n<div class=\"wp-block-cover is-light has-custom-content-position is-position-bottom-left\"><span aria-hidden=\"true\" class=\"wp-block-cover__background has-background-dim\"><\/span><img loading=\"lazy\" decoding=\"async\" width=\"875\" height=\"1024\" class=\"wp-block-cover__image-background wp-image-52\" alt=\"\" src=\"https:\/\/projetos.ese.ips.pt\/ebn2022\/wp-content\/uploads\/2022\/04\/jeronimo-875x1024.png\" style=\"object-position:51% 37%\" data-object-fit=\"cover\" data-object-position=\"51% 37%\" srcset=\"https:\/\/projetos.ese.ips.pt\/ebn2025\/wp-content\/uploads\/2022\/04\/jeronimo-875x1024.png 875w, https:\/\/projetos.ese.ips.pt\/ebn2025\/wp-content\/uploads\/2022\/04\/jeronimo-256x300.png 256w, https:\/\/projetos.ese.ips.pt\/ebn2025\/wp-content\/uploads\/2022\/04\/jeronimo-768x899.png 768w, https:\/\/projetos.ese.ips.pt\/ebn2025\/wp-content\/uploads\/2022\/04\/jeronimo.png 916w\" sizes=\"(max-width: 875px) 100vw, 875px\" \/><div class=\"wp-block-cover__inner-container is-layout-flow wp-block-cover-is-layout-flow\">\n<pre class=\"wp-block-preformatted has-background-color has-text-color\"><strong>PhD Jer\u00f3nimo Garcia-Fern\u00e1ndez,                   University of Sevilla, Spain<\/strong><\/pre>\n<\/div><\/div>\n\n\n\n<p>Info: https:\/\/www.researchgate.net\/profile\/Jeronimo-Garcia-Fernandez<\/p>\n\n\n\n<div class=\"wp-block-cover is-light has-custom-content-position is-position-bottom-left\"><span aria-hidden=\"true\" class=\"wp-block-cover__background has-background-dim\"><\/span><img loading=\"lazy\" decoding=\"async\" width=\"358\" height=\"454\" class=\"wp-block-cover__image-background wp-image-53\" alt=\"\" src=\"https:\/\/projetos.ese.ips.pt\/ebn2022\/wp-content\/uploads\/2022\/04\/moises.png\" data-object-fit=\"cover\" srcset=\"https:\/\/projetos.ese.ips.pt\/ebn2025\/wp-content\/uploads\/2022\/04\/moises.png 358w, https:\/\/projetos.ese.ips.pt\/ebn2025\/wp-content\/uploads\/2022\/04\/moises-237x300.png 237w\" sizes=\"(max-width: 358px) 100vw, 358px\" \/><div class=\"wp-block-cover__inner-container is-layout-flow wp-block-cover-is-layout-flow\">\n<pre class=\"wp-block-preformatted has-background-color has-text-color\"><strong>PhD Mois\u00e9s Grimaldi-Poyana                           University of Sevilla, Spain<\/strong><\/pre>\n<\/div><\/div>\n\n\n\n<p>Info: https:\/\/www.researchgate.net\/profile\/Moises-Grimaldi-Puyana<\/p>\n\n\n\n<div class=\"wp-block-cover has-custom-content-position is-position-bottom-left\"><span aria-hidden=\"true\" class=\"wp-block-cover__background has-background-dim\"><\/span><img loading=\"lazy\" decoding=\"async\" width=\"250\" height=\"262\" class=\"wp-block-cover__image-background wp-image-45\" alt=\"\" src=\"https:\/\/projetos.ese.ips.pt\/ebn2022\/wp-content\/uploads\/2022\/04\/marocolo.jpg\" style=\"object-position:49% 30%\" data-object-fit=\"cover\" data-object-position=\"49% 30%\"\/><div class=\"wp-block-cover__inner-container is-layout-flow wp-block-cover-is-layout-flow\">\n<div class=\"wp-block-group is-layout-flow wp-block-group-is-layout-flow\">\n<pre class=\"wp-block-preformatted\"><strong>PhD Moacir Marocolo                                             Federal University of Juiz de Fora, Brazil<\/strong><\/pre>\n<\/div>\n<\/div><\/div>\n\n\n\n<p>Info: https:\/\/www.researchgate.net\/profile\/Moacir-Marocolo<\/p>\n\n\n\n<div class=\"wp-block-cover has-custom-content-position is-position-bottom-left\" style=\"min-height:660px\"><span aria-hidden=\"true\" class=\"wp-block-cover__background has-background-dim\"><\/span><img loading=\"lazy\" decoding=\"async\" width=\"614\" height=\"946\" class=\"wp-block-cover__image-background wp-image-41\" alt=\"\" src=\"https:\/\/projetos.ese.ips.pt\/ebn2022\/wp-content\/uploads\/2022\/04\/fernando-pareja.png\" data-object-fit=\"cover\" srcset=\"https:\/\/projetos.ese.ips.pt\/ebn2025\/wp-content\/uploads\/2022\/04\/fernando-pareja.png 614w, https:\/\/projetos.ese.ips.pt\/ebn2025\/wp-content\/uploads\/2022\/04\/fernando-pareja-195x300.png 195w\" sizes=\"(max-width: 614px) 100vw, 614px\" \/><div class=\"wp-block-cover__inner-container is-layout-flow wp-block-cover-is-layout-flow\">\n<pre class=\"wp-block-preformatted\"><strong>PhD Fernando Pareja-Blanco                             University of Pablo Olavide, Spain <\/strong><\/pre>\n<\/div><\/div>\n\n\n\n<p>Info: https:\/\/www.researchgate.net\/profile\/Fernando-Blanco-14<\/p>\n\n\n\n<div class=\"wp-block-buttons is-layout-flex wp-block-buttons-is-layout-flex\">\n<div class=\"wp-block-button\"><a class=\"wp-block-button__link\" href=\"#back\">Back<\/a><\/div>\n<\/div>\n\n\n\n<div style=\"height:405px\" aria-hidden=\"true\" class=\"wp-block-spacer\"><\/div>\n\n\n\n<div data-wp-interactive=\"\" id=\"pt\" class=\"wp-block-file\"><object data-wp-bind--hidden=\"!selectors.core.file.hasPdfPreview\" hidden class=\"wp-block-file__embed\" data=\"https:\/\/projetos.ese.ips.pt\/ebn2022\/wp-content\/uploads\/2022\/04\/FinalV.-Congresso-Internacional.pdf\" type=\"application\/pdf\" style=\"width:100%;height:600px\" aria-label=\"Incorpora\u00e7\u00e3o de Incorpora\u00e7\u00e3o de FinalV.-Congresso-Internacional..\"><\/object><a id=\"wp-block-file--media-a5e031fb-22e0-43de-b184-36cf4f3a240d\" href=\"https:\/\/projetos.ese.ips.pt\/ebn2022\/wp-content\/uploads\/2022\/04\/FinalV.-Congresso-Internacional.pdf\">FinalV.-Congresso-Internacional<\/a><a href=\"https:\/\/projetos.ese.ips.pt\/ebn2022\/wp-content\/uploads\/2022\/04\/FinalV.-Congresso-Internacional.pdf\" class=\"wp-block-file__button\" download aria-describedby=\"wp-block-file--media-a5e031fb-22e0-43de-b184-36cf4f3a240d\">Descarregar<\/a><\/div>\n\n\n\n<figure class=\"wp-block-image size-large\"><img loading=\"lazy\" decoding=\"async\" width=\"1024\" height=\"718\" src=\"https:\/\/projetos.ese.ips.pt\/ebn2022\/wp-content\/uploads\/2022\/06\/Captura-de-ecra\u0303-2022-06-03-a\u0300s-15.31.07-1024x718.png\" alt=\"\" class=\"wp-image-124\" srcset=\"https:\/\/projetos.ese.ips.pt\/ebn2025\/wp-content\/uploads\/2022\/06\/Captura-de-ecra\u0303-2022-06-03-a\u0300s-15.31.07-1024x718.png 1024w, https:\/\/projetos.ese.ips.pt\/ebn2025\/wp-content\/uploads\/2022\/06\/Captura-de-ecra\u0303-2022-06-03-a\u0300s-15.31.07-300x210.png 300w, https:\/\/projetos.ese.ips.pt\/ebn2025\/wp-content\/uploads\/2022\/06\/Captura-de-ecra\u0303-2022-06-03-a\u0300s-15.31.07-768x539.png 768w, https:\/\/projetos.ese.ips.pt\/ebn2025\/wp-content\/uploads\/2022\/06\/Captura-de-ecra\u0303-2022-06-03-a\u0300s-15.31.07-1536x1078.png 1536w, https:\/\/projetos.ese.ips.pt\/ebn2025\/wp-content\/uploads\/2022\/06\/Captura-de-ecra\u0303-2022-06-03-a\u0300s-15.31.07.png 1910w\" sizes=\"(max-width: 1024px) 100vw, 1024px\" \/><\/figure>\n\n\n\n<div class=\"wp-block-group is-layout-flow wp-block-group-is-layout-flow\">\n<div id=\"abs\" class=\"wp-block-buttons is-layout-flex wp-block-buttons-is-layout-flex\">\n<div class=\"wp-block-button\" id=\"Abs\"><a class=\"wp-block-button__link\" rel=\"\">Abstract<\/a><\/div>\n<\/div>\n<\/div>\n\n\n\n<h2 class=\"alignwide wp-block-heading\" id=\"book\" style=\"font-size:48px;line-height:1.1\">BOOK OF ABSTRACTs.<\/h2>\n\n\n\n<div data-wp-interactive=\"\" class=\"wp-block-file\"><object data-wp-bind--hidden=\"!selectors.core.file.hasPdfPreview\" hidden class=\"wp-block-file__embed\" data=\"https:\/\/projetos.ese.ips.pt\/ebn2022\/wp-content\/uploads\/2022\/07\/book-of-abstracts.pdf\" type=\"application\/pdf\" style=\"width:100%;height:600px\" aria-label=\"Incorpora\u00e7\u00e3o de Incorpora\u00e7\u00e3o de book-of-abstracts..\"><\/object><a id=\"wp-block-file--media-30d5a87a-df0a-43b3-aa88-e19975efb3b4\" href=\"https:\/\/projetos.ese.ips.pt\/ebn2022\/wp-content\/uploads\/2022\/07\/book-of-abstracts.pdf\">book-of-abstracts<\/a><a href=\"https:\/\/projetos.ese.ips.pt\/ebn2022\/wp-content\/uploads\/2022\/07\/book-of-abstracts.pdf\" class=\"wp-block-file__button\" download aria-describedby=\"wp-block-file--media-30d5a87a-df0a-43b3-aa88-e19975efb3b4\">Descarregar<\/a><\/div>\n","protected":false},"excerpt":{"rendered":"<p>Goals Our goal is to disseminate knowledge about the latest developments in the field of physical exercise and their implications for health, quality of life and sports performance. Speakers from five different institutions will be present, with technical-scientific competences recognized worldwide and that will certainly contribute to the increase of the technical competences of the [&hellip;]<\/p>\n","protected":false},"author":2,"featured_media":0,"parent":0,"menu_order":0,"comment_status":"closed","ping_status":"closed","template":"","meta":{"footnotes":""},"_links":{"self":[{"href":"https:\/\/projetos.ese.ips.pt\/ebn2025\/index.php?rest_route=\/wp\/v2\/pages\/16"}],"collection":[{"href":"https:\/\/projetos.ese.ips.pt\/ebn2025\/index.php?rest_route=\/wp\/v2\/pages"}],"about":[{"href":"https:\/\/projetos.ese.ips.pt\/ebn2025\/index.php?rest_route=\/wp\/v2\/types\/page"}],"author":[{"embeddable":true,"href":"https:\/\/projetos.ese.ips.pt\/ebn2025\/index.php?rest_route=\/wp\/v2\/users\/2"}],"replies":[{"embeddable":true,"href":"https:\/\/projetos.ese.ips.pt\/ebn2025\/index.php?rest_route=%2Fwp%2Fv2%2Fcomments&post=16"}],"version-history":[{"count":61,"href":"https:\/\/projetos.ese.ips.pt\/ebn2025\/index.php?rest_route=\/wp\/v2\/pages\/16\/revisions"}],"predecessor-version":[{"id":147,"href":"https:\/\/projetos.ese.ips.pt\/ebn2025\/index.php?rest_route=\/wp\/v2\/pages\/16\/revisions\/147"}],"wp:attachment":[{"href":"https:\/\/projetos.ese.ips.pt\/ebn2025\/index.php?rest_route=%2Fwp%2Fv2%2Fmedia&parent=16"}],"curies":[{"name":"wp","href":"https:\/\/api.w.org\/{rel}","templated":true}]}}