{"id":206,"date":"2024-04-03T14:27:21","date_gmt":"2024-04-03T14:27:21","guid":{"rendered":"https:\/\/projetos.ese.ips.pt\/ebn2023\/?page_id=206"},"modified":"2024-04-15T16:25:17","modified_gmt":"2024-04-15T16:25:17","slug":"2nd-ed-exerc-biomech-nutriti-2","status":"publish","type":"page","link":"https:\/\/projetos.ese.ips.pt\/ebn2025\/?page_id=206","title":{"rendered":"3rd ed Exerc Biomech Nutriti"},"content":{"rendered":"\n<div class=\"wp-block-columns is-layout-flex wp-container-core-columns-layout-1 wp-block-columns-is-layout-flex\">\n<div class=\"wp-block-column is-layout-flow wp-block-column-is-layout-flow\" style=\"flex-basis:100%\">\n<div class=\"wp-block-group alignwide is-layout-constrained wp-block-group-is-layout-constrained\">\n<div class=\"wp-block-cover alignwide\" style=\"min-height:488px\"><span aria-hidden=\"true\" class=\"wp-block-cover__background has-background-dim\"><\/span><img loading=\"lazy\" decoding=\"async\" width=\"1170\" height=\"840\" class=\"wp-block-cover__image-background wp-image-159\" alt=\"\" src=\"https:\/\/projetos.ese.ips.pt\/ebn2022\/wp-content\/uploads\/2023\/04\/IMG_7257A6D82F45-1.jpeg\" data-object-fit=\"cover\" srcset=\"https:\/\/projetos.ese.ips.pt\/ebn2025\/wp-content\/uploads\/2023\/04\/IMG_7257A6D82F45-1.jpeg 1170w, https:\/\/projetos.ese.ips.pt\/ebn2025\/wp-content\/uploads\/2023\/04\/IMG_7257A6D82F45-1-300x215.jpeg 300w, https:\/\/projetos.ese.ips.pt\/ebn2025\/wp-content\/uploads\/2023\/04\/IMG_7257A6D82F45-1-1024x735.jpeg 1024w, https:\/\/projetos.ese.ips.pt\/ebn2025\/wp-content\/uploads\/2023\/04\/IMG_7257A6D82F45-1-768x551.jpeg 768w\" sizes=\"(max-width: 1170px) 100vw, 1170px\" \/><div class=\"wp-block-cover__inner-container is-layout-flow wp-block-cover-is-layout-flow\">\n<h5 class=\"wp-block-heading has-small-font-size\" id=\"back\" style=\"text-transform:capitalize\">3nd Edition<\/h5>\n\n\n\n<h2 class=\"wp-block-heading has-x-large-font-size\"><strong>Exercise, Biomechanics and Nutrition<\/strong><\/h2>\n\n\n\n<p>4 and 5 of June, School of Education of Polytechnic Institute of Setubal Auditorium (Creditation for IPDJ TF and TEF: 3.2 UC) <\/p>\n\n\n\n<p>Abstract Submission Deadline: 26 of May, 2024, 23:59 CET<\/p>\n<\/div><\/div>\n<\/div>\n<\/div>\n<\/div>\n\n\n\n<div class=\"wp-block-buttons is-content-justification-center is-layout-flex wp-container-core-buttons-layout-1 wp-block-buttons-is-layout-flex\">\n<div class=\"wp-block-button is-style-outline\"><a class=\"wp-block-button__link has-pale-cyan-blue-background-color has-background wp-element-button\" href=\"#goals\">Goals and Highlights<\/a><\/div>\n\n\n\n<div class=\"wp-block-button is-style-outline\"><a class=\"wp-block-button__link has-pale-cyan-blue-background-color has-background wp-element-button\" href=\"#committies\">Committies<\/a><\/div>\n\n\n\n<div class=\"wp-block-button is-style-outline\"><a class=\"wp-block-button__link has-foreground-color has-pale-cyan-blue-background-color has-text-color has-background wp-element-button\" href=\"#registration\">Registration<\/a><\/div>\n\n\n\n<div class=\"wp-block-button is-style-outline\"><a class=\"wp-block-button__link has-pale-cyan-blue-background-color has-background wp-element-button\" href=\"#abstractsubmission\">Abstract Submission<\/a><\/div>\n\n\n\n<div class=\"wp-block-button is-style-outline\"><a class=\"wp-block-button__link has-pale-cyan-blue-background-color has-background wp-element-button\" href=\"#program\">Program<\/a><\/div>\n\n\n\n<div class=\"wp-block-button is-style-outline\"><a class=\"wp-block-button__link has-pale-cyan-blue-background-color has-background wp-element-button\" href=\"#speakers\">Speakers<\/a><\/div>\n\n\n\n<div class=\"wp-block-button is-style-outline\"><a class=\"wp-block-button__link has-pale-cyan-blue-background-color has-background wp-element-button\" href=\"#book\">Book of Abstracts<\/a><\/div>\n<\/div>\n\n\n\n<div class=\"wp-block-buttons is-layout-flex wp-block-buttons-is-layout-flex\"><\/div>\n\n\n\n<p class=\"has-text-align-center has-background-color has-pale-cyan-blue-background-color has-text-color has-background has-x-large-font-size\" id=\"goals\"><strong>Goals and Highlights<\/strong><\/p>\n\n\n\n<p>Our goal is to disseminate knowledge about the latest developments in the field of physical exercise and their implications for health, quality of life and sports performance. Speakers from seven different institutions will be present, with technical-scientific competences recognized worldwide and that will certainly contribute to the increase of the technical competences of the participants.<\/p>\n\n\n\n<p>Dynamic, current and high quality lectures;                                                                                13 Speakers from Spain, Portugal, Brazil, Iran and Spain;<br>Presentation of academic and scientific works;                                                                                                 In-Pearson and online via Zoom;<\/p>\n\n\n\n<p class=\"has-text-align-center has-background-color has-pale-cyan-blue-background-color has-text-color has-background has-x-large-font-size\" id=\"committies\"><strong>Committies<\/strong><\/p>\n\n\n\n<div class=\"wp-block-columns alignfull is-layout-flex wp-container-core-columns-layout-2 wp-block-columns-is-layout-flex\">\n<div class=\"wp-block-column is-vertically-aligned-top is-layout-flow wp-block-column-is-layout-flow\">\n<p class=\"has-text-align-center\"><strong>Organizing Committee<\/strong><\/p>\n\n\n\n<p class=\"has-text-align-center has-background-color has-pale-cyan-blue-background-color has-text-color has-background\" style=\"font-size:18px\">Chair: Luis Leit\u00e3o &#8211; ESE-IPSet\u00fabal<\/p>\n\n\n\n<p class=\"has-text-align-center has-background-color has-pale-cyan-blue-background-color has-text-color has-background has-link-color wp-elements-48e82d2babe0d41859c3a8389469dda6\">Teresa Figueiredo, Amilcar Antunes, Ana Pereira, Ana Figueira, Paulo Nunes &#8211; ESE-IP Set\u00fabal<\/p>\n\n\n\n<p class=\"has-text-align-center has-background-color has-pale-cyan-blue-background-color has-text-color has-background has-link-color wp-elements-79f98bc59480c796332442f2e966833a\">Raul Dominguez \u2013 Universidad de Sevilla, Spain<\/p>\n\n\n\n<div class=\"wp-block-group is-vertical is-content-justification-right is-layout-flex wp-container-core-group-layout-4 wp-block-group-is-layout-flex\">\n<div class=\"wp-block-group is-layout-constrained wp-block-group-is-layout-constrained\">\n<div class=\"wp-block-group is-layout-constrained wp-block-group-is-layout-constrained\"><\/div>\n<\/div>\n<\/div>\n<\/div>\n\n\n\n<div class=\"wp-block-column is-vertically-aligned-top is-layout-flow wp-block-column-is-layout-flow\">\n<p class=\"has-text-align-center\"><strong>Scientific Committee<\/strong><\/p>\n\n\n\n<p class=\"has-text-align-center has-background-color has-pale-cyan-blue-background-color has-text-color has-background\" style=\"font-size:18px\">Chair: Luis Leit\u00e3o &#8211; ESE-IP Set\u00fabal<\/p>\n\n\n\n<p class=\"has-text-align-center has-background-color has-pale-cyan-blue-background-color has-text-color has-background\" style=\"font-size:18px\">Teresa Figueiredo \u2013 IP Set\u00fabal, Portugal<\/p>\n\n\n\n<p class=\"has-text-align-center has-background-color has-pale-cyan-blue-background-color has-text-color has-background has-link-color wp-elements-340e79b00e65ef37eb9984ff6c855117\">Hugo Louro &#8211; ESDRM-IP Sant\u00e1rem, Portugal<\/p>\n\n\n\n<p class=\"has-text-align-center has-background-color has-pale-cyan-blue-background-color has-text-color has-background\">Simon Walker &#8211; University of Jyvaskyla, Finland <\/p>\n\n\n\n<p class=\"has-text-align-center has-background-color has-pale-cyan-blue-background-color has-text-color has-background\">Maria Francesca Piacentini &#8211; University of Rome &#8220;Foro Italico&#8221;, Italy<\/p>\n\n\n\n<p class=\"has-text-align-center has-background-color has-pale-cyan-blue-background-color has-text-color has-background has-link-color wp-elements-735c5cbb13e95a7f70b95a5d12b3f209\">John McMahon &#8211; Hawkin Dynamics, England <\/p>\n\n\n\n<p class=\"has-text-align-center has-background-color has-pale-cyan-blue-background-color has-text-color has-background\" style=\"font-size:18px\">Raul Dominguez, Ant\u00f3nio S\u00e1nchez-Oliver \u2013 Universidad de Sevilla, Spain<\/p>\n\n\n\n<p class=\"has-text-align-center has-background-color has-pale-cyan-blue-background-color has-text-color has-background\" style=\"font-size:18px\">Fernando Pareja Blanco \u2013 Universidad de Pablo de Olavide, Spain          <\/p>\n\n\n\n<p class=\"has-text-align-center has-background-color has-pale-cyan-blue-background-color has-text-color has-background\" style=\"font-size:18px\">Alberto P\u00e9rez-L\u00f3pez &#8211; Universidad de Alcal\u00e1, Spain <\/p>\n\n\n\n<p class=\"has-text-align-center has-background-color has-pale-cyan-blue-background-color has-text-color has-background\" style=\"font-size:18px\">Jose Carmelo Adusar &#8211; University of Extremadura, Spain                           <\/p>\n\n\n\n<p class=\"has-text-align-center has-background-color has-pale-cyan-blue-background-color has-text-color has-background\" style=\"font-size:18px\">Moacir Marocolo and Jeferson Vianna \u2013 Universidade Federal de Juiz de Fora, Brazil<\/p>\n\n\n\n<p class=\"has-text-align-center has-background-color has-pale-cyan-blue-background-color has-text-color has-background\" style=\"font-size:18px\">Jefferson Novaes &#8211; Universidade Federal de Rio de Janeiro, Brazil<\/p>\n\n\n\n<p class=\"has-text-align-center has-background-color has-pale-cyan-blue-background-color has-text-color has-background\" style=\"font-size:18px\">Maria Socorro Sousa &#8211; Universidade Federal da Para\u00edba, Brazil<\/p>\n\n\n\n<p class=\"has-text-align-center has-background-color has-pale-cyan-blue-background-color has-text-color has-background\">Osvaldo Moreira &#8211; Universidade Federal de Vi\u00e7osa, Brazil<\/p>\n\n\n\n<p class=\"has-text-align-center has-background-color has-pale-cyan-blue-background-color has-text-color has-background has-link-color wp-elements-63b109fa9770065023af6118e27765ee\">Sandro Silva &#8211; Universidade de Lavras, Brazil<\/p>\n\n\n\n<p class=\"has-text-align-center has-background-color has-pale-cyan-blue-background-color has-text-color has-background has-link-color has-medium-font-size wp-elements-056ceb4e4f3d34c3c6e185e54d5856a9\">Henrique Neiva e Daniel Marinho &#8211; Universidade da Beira Interior, Portugal<\/p>\n\n\n\n<p class=\"has-text-align-center has-background-color has-pale-cyan-blue-background-color has-text-color has-background has-link-color wp-elements-22cd287adf74b93a7989f3dbc5facae5\">Ant\u00f3nio Jos\u00e9 Silva &#8211; Universidade de Tr\u00e1s-os-Montes e Alto Douro, Portugal<\/p>\n\n\n\n<p><\/p>\n\n\n\n<div class=\"wp-block-group is-layout-constrained wp-block-group-is-layout-constrained\">\n<div class=\"wp-block-group is-vertical is-content-justification-stretch is-layout-flex wp-container-core-group-layout-6 wp-block-group-is-layout-flex\">\n<div class=\"wp-block-group is-layout-constrained wp-block-group-is-layout-constrained\"><\/div>\n<\/div>\n<\/div>\n<\/div>\n<\/div>\n\n\n\n<div class=\"wp-block-buttons is-layout-flex wp-block-buttons-is-layout-flex\">\n<div class=\"wp-block-button\"><a class=\"wp-block-button__link has-background-color has-pale-cyan-blue-background-color has-text-color has-background wp-element-button\" href=\"#back\">Back<\/a><\/div>\n<\/div>\n\n\n\n<p><\/p>\n\n\n\n<p class=\"has-background-color has-pale-cyan-blue-background-color has-text-color has-background has-x-large-font-size\" id=\"abstractsubmission\"><strong>Abstract Submission<\/strong> <\/p>\n\n\n\n<p>Abstracts submission and 3-minute video with presentation of the work till 26 of May at 23:59<\/p>\n\n\n\n<div class=\"wp-block-buttons is-layout-flex wp-block-buttons-is-layout-flex\">\n<div class=\"wp-block-button is-style-outline\"><a class=\"wp-block-button__link has-background-color has-primary-background-color has-text-color has-background has-link-color wp-element-button\" href=\"https:\/\/forms.office.com\/e\/cJsk2bA8E7\" target=\"_blank\" rel=\"noreferrer noopener\">Click here for Abstract Submission<\/a><\/div>\n<\/div>\n\n\n\n<p class=\"has-background-color has-primary-background-color has-text-color has-background has-link-color wp-elements-ca0866ca43d1cb02928057fd33ac4ad9\">Submit 3-minute video with presentation of the work via email: congressodesportoese@ese.ips.pt<\/p>\n\n\n\n<p><strong>Mandatory:<\/strong> Abstract submission is in English and Portuguese or Spanish throught link above and 3-minute video with presentation of the work (in Portuguese, Spanish or English) must be send by email.  After reviewing the communications by the congress Scientific Council, all authors will be informed about the acceptance of their submission via email and the date and hour of the presentation. The presenter of the work must be online at the ZOOM link of the congress or in-person at the auditorium of ESE-IPSet\u00fabal to answer to any question of their work. <\/p>\n\n\n\n<p>All accepted abstracts will be published in the book of abstracts of the Event.<\/p>\n\n\n\n<div class=\"wp-block-buttons is-layout-flex wp-block-buttons-is-layout-flex\">\n<div class=\"wp-block-button\"><a class=\"wp-block-button__link has-background-color has-pale-cyan-blue-background-color has-text-color has-background wp-element-button\" href=\"#back\">Back<\/a><\/div>\n<\/div>\n\n\n\n<p class=\"has-background-color has-pale-cyan-blue-background-color has-text-color has-background has-x-large-font-size\" id=\"registration\">Registration<\/p>\n\n\n\n<p>Free of Charge but registration is mandatory.<\/p>\n\n\n\n<div class=\"wp-block-buttons is-layout-flex wp-block-buttons-is-layout-flex\">\n<div class=\"wp-block-button has-custom-width wp-block-button__width-50 has-custom-font-size has-medium-font-size\"><a class=\"wp-block-button__link has-pale-cyan-blue-background-color has-background wp-element-button\" href=\"https:\/\/forms.office.com\/e\/h8hMrkY4is\">Click Here for registration<\/a><\/div>\n<\/div>\n\n\n\n<p class=\"has-normal-font-size\">The event will be held in-person at the ESE-IP Set\u00fabal auditorium and online via zoom: <a rel=\"noreferrer noopener\" href=\"https:\/\/videoconf-colibri.zoom.us\/j\/85021778304\" target=\"_blank\">https:\/\/videoconf-colibri.zoom.us\/j\/85021778304<\/a>.<\/p>\n\n\n\n<p><strong>Contacts:<\/strong> congressodesportoese@ese.ips.pt<\/p>\n\n\n\n<p class=\"has-medium-font-size\"><strong>Address: <\/strong>Escola Superior de Educa\u00e7\u00e3o, Campus do Instituto Polit\u00e9cnico de Set\u00fabal, Estefanilha 2914-504 Set\u00fabal<\/p>\n\n\n\n<div class=\"wp-block-buttons is-layout-flex wp-block-buttons-is-layout-flex\">\n<div class=\"wp-block-button\"><a class=\"wp-block-button__link has-pale-cyan-blue-background-color has-background wp-element-button\" href=\"#back\">Back<\/a><\/div>\n<\/div>\n\n\n\n<p class=\"has-text-align-center has-background-color has-pale-cyan-blue-background-color has-text-color has-background has-x-large-font-size\" id=\"program\"><strong>PROGRAM<\/strong><\/p>\n\n\n\n<p class=\"has-background-color has-pale-cyan-blue-background-color has-text-color has-background has-large-font-size\">June 4th, Tuesday<\/p>\n\n\n\n<p class=\"has-background-color has-pale-cyan-blue-background-color has-text-color has-background\">10:00 \u2013 Opening Session &#8211; ESE Auditorium<br><strong>Angela Lemos <\/strong>| President of the Polytechnic Institute of Set\u00fabal<br><strong>Teresa Figueiredo <\/strong>| Head of Science and Technology Department of ESE-IP Set\u00fabal<br><strong>Luis Leitao<\/strong> | Professor at the Science and Technology Department of ESE-IP Set\u00fabal  <\/p>\n\n\n\n<p class=\"has-background-color has-pale-cyan-blue-background-color has-text-color has-background\">10:30 \u2013 <em>Physical Activity, Exercise and Nutrition<\/em> &#8211; ESE Auditorium<br>Are practical alkalizing supplementation in athletes? &#8211; <strong>PhD Alberto P\u00e9rez-Lop\u00e9z, University of Alc\u00e1la, Spain<\/strong><\/p>\n\n\n\n<p class=\"has-background-color has-pale-cyan-blue-background-color has-text-color has-background\">11:20 &#8211; Breaking the gender gap in sports nutrition &#8211; <strong>PhD Raul Dominguez, University of Seville, Spain<\/strong><\/p>\n\n\n\n<p class=\"has-background-color has-pale-cyan-blue-background-color has-text-color has-background\">12:00 &#8211; Abstract\/Video Oral Presentations I<\/p>\n\n\n\n<p class=\"has-background-color has-pale-cyan-blue-background-color has-text-color has-background\">13:00 &#8211; Lunch Break<\/p>\n\n\n\n<p><\/p>\n\n\n\n<p class=\"has-background-color has-pale-cyan-blue-background-color has-text-color has-background\"> 14:00 \u2013 <em>Exercise and Biomechanics in sport<\/em> &#8211; ESE Auditorium                                                                    <br> Technology is in Your Brain: Synergizing Questionnaires, Wearable Technology, and Artificial Intelligence &#8211; <strong>PhD Hadi Nobari, University of Extremadura, Spain<\/strong><\/p>\n\n\n\n<p class=\"has-background-color has-pale-cyan-blue-background-color has-text-color has-background\">14:40 &#8211; Valoraci\u00f3n Cl\u00ednica del Deportista con Biomarcadores de Laboratorio &#8211; <strong>PhD Diego Fern\u00e1ndez-L\u00e1zaro, University of Valladolid, Spain<\/strong><\/p>\n\n\n\n<p class=\"has-background-color has-pale-cyan-blue-background-color has-text-color has-background\">15:20 &#8211; TEMA &#8211; <strong>PhD Rocco Di Michele, University of Bologna, Italy<\/strong><\/p>\n\n\n\n<p class=\"has-background-color has-pale-cyan-blue-background-color has-text-color has-background\">16:40- 19:30 Abstract\/Video Oral Presentations II<\/p>\n\n\n\n<p><\/p>\n\n\n\n<p><\/p>\n\n\n\n<p><\/p>\n\n\n\n<p><\/p>\n\n\n\n<p class=\"has-text-align-left has-background-color has-pale-cyan-blue-background-color has-text-color has-background has-large-font-size\">June 5th, Wednesday<\/p>\n\n\n\n<p class=\"has-background-color has-pale-cyan-blue-background-color has-text-color has-background\">8:30 \u2013 Abstract\/Video Oral Presentations III<\/p>\n\n\n\n<p class=\"has-background-color has-pale-cyan-blue-background-color has-text-color has-background\">9:30 \u2013 New technologies for designing and controlling training programs for enhancing health and quality of life &#8211; <strong>PhD Horacio Sanchez-Trigo, University of Seville, Spain<\/strong><\/p>\n\n\n\n<p class=\"has-background-color has-pale-cyan-blue-background-color has-text-color has-background\">10:10 &#8211; Incorporating new technologies in sport rehabilitation: From injury to Return-to-Play &#8211; <strong>PhD student Javier Pecci, University of Seville, Spain<\/strong><\/p>\n\n\n\n<p class=\"has-background-color has-pale-cyan-blue-background-color has-text-color has-background\">10:50 &#8211; New technologies for controlling the training load in professional soccer players &#8211; <strong>PhD Jose Carlos B\u00e1rbero Alvarez, University of Granada, Spain<\/strong><\/p>\n\n\n\n<p class=\"has-background-color has-pale-cyan-blue-background-color has-text-color has-background\">13:30 &#8211; Lunch Break<\/p>\n\n\n\n<p class=\"has-background-color has-pale-cyan-blue-background-color has-text-color has-background\">14:00 &#8211; Programaci\u00f3n del entrenamiento de fuerza en futbolistas &#8211; <strong>Marcos Soriano, University of Camilo Jos\u00e9 Cela, Spain<\/strong><\/p>\n\n\n\n<p class=\"has-background-color has-pale-cyan-blue-background-color has-text-color has-background\">14:50 &#8211; O sono como fator impactante na performance desportiva &#8211; <strong>Dra. In\u00eas Gon\u00e7alves<\/strong>,<strong> Portugal<\/strong><\/p>\n\n\n\n<p class=\"has-background-color has-pale-cyan-blue-background-color has-text-color has-background has-link-color wp-elements-3454785c2f6ba3992b7353f1fa84fdb6\">15:20 &#8211; Diagn\u00f3stico do sono e principais perturba\u00e7\u00f5es associadas aos atletas &#8211; <strong>Dra. Andreia Nunes, Portugal<\/strong><\/p>\n\n\n\n<p class=\"has-background-color has-pale-cyan-blue-background-color has-text-color has-background\">16:00 \u2013<em> Congress Closing Session<\/em><br><strong>Jo\u00e3o Pires<\/strong>| Dean of Superior School of Education of the Polytechnic Institute of Set\u00fabal<br><strong>Luis Leit\u00e3o<\/strong> | Professor of Science and Technology Department at ESE-IP Set\u00fabal<br><strong>Ana Pereira<\/strong> | Coordinator of the Degree in Sports at ESE-IP Set\u00fabal<\/p>\n\n\n\n<div class=\"wp-block-buttons is-layout-flex wp-block-buttons-is-layout-flex\">\n<div class=\"wp-block-button\"><a class=\"wp-block-button__link has-background-color has-pale-cyan-blue-background-color has-text-color has-background wp-element-button\" href=\"#back\">back<\/a><\/div>\n<\/div>\n\n\n\n<p><\/p>\n\n\n\n<p class=\"has-text-align-center has-background-color has-pale-cyan-blue-background-color has-text-color has-background has-x-large-font-size\" id=\"speakers\">SPEAKERS<\/p>\n\n\n\n<p>PhD <strong><a href=\"https:\/\/www.researchgate.net\/profile\/Raul-Dominguez-6\" data-type=\"URL\" data-id=\"https:\/\/www.researchgate.net\/profile\/Raul-Dominguez-6\">Ra\u00fal Dom\u00ednguez<\/a><\/strong><\/p>\n\n\n\n<p>PhD <a href=\"https:\/\/www.researchgate.net\/profile\/Alberto-Perez-Lopez-2\"><strong>Alberto P\u00e9rez-L\u00f3pez<\/strong><\/a><\/p>\n\n\n\n<p><\/p>\n\n\n\n<p class=\"has-text-align-center has-background-color has-pale-cyan-blue-background-color has-text-color has-background has-x-large-font-size\" id=\"book\">BOOK OF ABSTRACTS<\/p>\n","protected":false},"excerpt":{"rendered":"<p>Goals and Highlights Our goal is to disseminate knowledge about the latest developments in the field of physical exercise and their implications for health, quality of life and sports performance. Speakers from seven different institutions will be present, with technical-scientific competences recognized worldwide and that will certainly contribute to the increase of the technical competences [&hellip;]<\/p>\n","protected":false},"author":2,"featured_media":0,"parent":0,"menu_order":0,"comment_status":"closed","ping_status":"closed","template":"","meta":{"footnotes":""},"_links":{"self":[{"href":"https:\/\/projetos.ese.ips.pt\/ebn2025\/index.php?rest_route=\/wp\/v2\/pages\/206"}],"collection":[{"href":"https:\/\/projetos.ese.ips.pt\/ebn2025\/index.php?rest_route=\/wp\/v2\/pages"}],"about":[{"href":"https:\/\/projetos.ese.ips.pt\/ebn2025\/index.php?rest_route=\/wp\/v2\/types\/page"}],"author":[{"embeddable":true,"href":"https:\/\/projetos.ese.ips.pt\/ebn2025\/index.php?rest_route=\/wp\/v2\/users\/2"}],"replies":[{"embeddable":true,"href":"https:\/\/projetos.ese.ips.pt\/ebn2025\/index.php?rest_route=%2Fwp%2Fv2%2Fcomments&post=206"}],"version-history":[{"count":11,"href":"https:\/\/projetos.ese.ips.pt\/ebn2025\/index.php?rest_route=\/wp\/v2\/pages\/206\/revisions"}],"predecessor-version":[{"id":227,"href":"https:\/\/projetos.ese.ips.pt\/ebn2025\/index.php?rest_route=\/wp\/v2\/pages\/206\/revisions\/227"}],"wp:attachment":[{"href":"https:\/\/projetos.ese.ips.pt\/ebn2025\/index.php?rest_route=%2Fwp%2Fv2%2Fmedia&parent=206"}],"curies":[{"name":"wp","href":"https:\/\/api.w.org\/{rel}","templated":true}]}}